{"id":18322,"date":"2023-05-10T03:22:34","date_gmt":"2023-05-10T01:22:34","guid":{"rendered":"https:\/\/vanmoer.be\/politique-de-confidentialite\/"},"modified":"2026-03-10T13:18:19","modified_gmt":"2026-03-10T12:18:19","slug":"politique-de-confidentialite","status":"publish","type":"page","link":"https:\/\/vanmoer.be\/fr\/politique-de-confidentialite\/","title":{"rendered":"Politique de confidentialit\u00e9"},"content":{"rendered":"\n<p><em>Mis \u00e0 jour le 25 mars 2022<\/em><\/p>\n\n<p class=\"has-small-font-size\"><strong><br\/>1. Parties et objet<\/strong><\/p>\n\n<p class=\"has-small-font-size\">NV Etablissementen Van Moer (ci-apr\u00e8s \u00ab <strong>Van Moer<\/strong> \u00bb ou le \u00ab <strong>Responsable du traitement<\/strong> \u00bb)\nVaartstraat 70\n2235 Hulshout\nBelgique<\/p>\n\n<p class=\"has-small-font-size\">BCE\/TVA : 0403.629.965   <br\/>E-mail : [info@vanmoer.be](mailto:info@vanmoer.be)  <br\/>Num\u00e9ro de t\u00e9l\u00e9phone : +32 (0)15 25 86 20<\/p>\n\n<p class=\"has-small-font-size\">Van Moer \u00e9tablit la pr\u00e9sente Politique de confidentialit\u00e9, qui a pour objectif d\u2019informer de mani\u00e8re transparente les Utilisateurs au sujet du site web h\u00e9berg\u00e9 \u00e0 l\u2019adresse suivante : [www.vanmoer.be](http:\/\/www.vanmoer.be) (ci-apr\u00e8s le \u00ab <strong>Site<\/strong> \u00bb), ainsi que sur la mani\u00e8re dont les donn\u00e9es \u00e0 caract\u00e8re personnel sont collect\u00e9es et trait\u00e9es par Van Moer.<\/p>\n\n<p class=\"has-small-font-size\">Le terme &#8220;<strong>Utilisateur<\/strong>&#8221; d\u00e9signe tout utilisateur, qu\u2019il s\u2019agisse d\u2019une personne physique ou morale, qui visite le Site ou communique de quelque mani\u00e8re que ce soit avec le Site.<\/p>\n\n<p class=\"has-small-font-size\">En sa qualit\u00e9 de responsable du traitement, Van Moer d\u00e9termine l\u2019ensemble des moyens techniques, juridiques et organisationnels ainsi que les finalit\u00e9s du traitement des donn\u00e9es \u00e0 caract\u00e8re personnel des Utilisateurs.\n\nVan Moer s\u2019engage \u00e0 prendre toutes les mesures n\u00e9cessaires afin de garantir que le traitement des donn\u00e9es \u00e0 caract\u00e8re personnel soit effectu\u00e9 conform\u00e9ment \u00e0 la Loi du 30 juillet 2018 relative \u00e0 la protection des personnes physiques \u00e0 l\u2019\u00e9gard des traitements de donn\u00e9es \u00e0 caract\u00e8re personnel (ci-apr\u00e8s la \u00ab <strong>Loi<\/strong> \u00bb) ainsi qu\u2019au R\u00e8glement (UE) 2016\/679 du Parlement europ\u00e9en et du Conseil du 27 avril 2016 relatif \u00e0 la protection des personnes physiques \u00e0 l\u2019\u00e9gard du traitement des donn\u00e9es \u00e0 caract\u00e8re personnel et \u00e0 la libre circulation de ces donn\u00e9es, et abrogeant la directive 95\/46\/CE (\u00e0 savoir le R\u00e8glement g\u00e9n\u00e9ral sur la protection des donn\u00e9es (RGPD ou \u00ab GDPR \u00bb), ci-apr\u00e8s le \u00ab <strong>R\u00e8glement<\/strong> \u00bb).<\/p>\n\n<p class=\"has-small-font-size\">Van Moer est libre de choisir une personne physique ou morale qui traite les donn\u00e9es personnelles de l&#8217;utilisateur \u00e0 sa demande et en son nom (ci-apr\u00e8s le &#8220;processeur&#8221; ou &#8220;sous-traitant&#8221;). Le cas \u00e9ch\u00e9ant, Van Moer s&#8217;engage \u00e0 s\u00e9lectionner un Processeur qui fournit des garanties suffisantes concernant les mesures techniques et organisationnelles pour le traitement des donn\u00e9es \u00e0 caract\u00e8re personnel, conform\u00e9ment \u00e0 la loi et au r\u00e8glement.<\/p>\n\n<p class=\"has-small-font-size\"><strong><br\/>2. Traitement des donn\u00e9es \u00e0 caract\u00e8re personnel<\/strong><\/p>\n\n<p class=\"has-small-font-size\">L&#8217;utilisation du Site par les Utilisateurs peut conduire \u00e0 la collecte de donn\u00e9es personnelles. Le traitement de ces donn\u00e9es par Van Moer, en sa qualit\u00e9 de contr\u00f4leur ou par des prestataires de services op\u00e9rant au nom et pour le compte de Van Moer, est effectu\u00e9 conform\u00e9ment \u00e0 la loi et au r\u00e8glement.<\/p>\n\n<p class=\"has-small-font-size\">Les donn\u00e9es personnelles sont trait\u00e9es par Van Moer, conform\u00e9ment aux objectifs \u00e9num\u00e9r\u00e9s ci-dessous, en utilisant les m\u00e9thodes suivantes:<\/p>\n\n<ul class=\"wp-block-list\">\n<li class=\"has-small-font-size\">Envoi de notre newsletter et\/ou d\u00e9pliant publicitaire <\/li>\n\n\n\n<li class=\"has-small-font-size\">Pouvoir vous appeler ou vous envoyer un e-mail si n\u00e9cessaire afin d\u2019assurer l\u2019ex\u00e9cution de nos services.<\/li>\n\n\n\n<li class=\"has-small-font-size\">Vous informer des modifications apport\u00e9es \u00e0 nos services et produits.<\/li>\n\n\n\n<li class=\"has-small-font-size\">Van Moer analyse votre comportement sur le site afin d&#8217;am\u00e9liorer le site et de personnaliser l&#8217;offre de produits et services \u00e0 votrepr\u00e9f\u00e9rences<\/li>\n\n\n\n<li class=\"has-small-font-size\">En postulant pour un emploi chez Van Moer, nous recueillons les informations que vous nous fournissez, telles que les donn\u00e9es d&#8217;identit\u00e9, CV et lettre de candidature.<\/li>\n<\/ul>\n\n<p class=\"has-small-font-size\"><strong><br\/>3. Finalit\u00e9 du traitement des donn\u00e9es \u00e0 caract\u00e8re personnel<\/strong><\/p>\n\n<p class=\"has-small-font-size\">Conform\u00e9ment \u00e0 l&#8217;article 13 du r\u00e8glement, les finalit\u00e9s du traitement des donn\u00e9es \u00e0 caract\u00e8re personnel sont communiqu\u00e9es \u00e0 l&#8217;utilisateur. Ces objectifs sont les suivants:<\/p>\n\n<ul class=\"wp-block-list\">\n<li class=\"has-small-font-size\">Envoi de notre newsletter et\/ou de nos brochures publicitaires, sur la base l\u00e9gale de votre \u00ab consentement \u00bb.<\/li>\n\n\n\n<li class=\"has-small-font-size\">Pouvoir vous appeler ou vous envoyer un e-mail si cela est n\u00e9cessaire \u00e0 l\u2019ex\u00e9cution de nos services, sur la base l\u00e9gale de votre \u00ab consentement \u00bb.<\/li>\n\n\n\n<li class=\"has-small-font-size\">Vous offrir la possibilit\u00e9 de cr\u00e9er un compte, avec le \u00ab consentement \u00bb comme base l\u00e9gale           <br\/>.         <\/li>\n\n\n\n<li class=\"has-small-font-size\">Nous suivons votre comportement de navigation sur diff\u00e9rents sites web afin d\u2019adapter nos        <br\/>produits et services \u00e0 vos besoins. Avec le consentement comme base l\u00e9gale.<\/li>\n<\/ul>\n\n<p class=\"has-small-font-size\"><strong><br\/>4. Donn\u00e9es \u00e0 caract\u00e8re personnel pouvant \u00eatre trait\u00e9es<\/strong><\/p>\n\n<p class=\"has-small-font-size\">L&#8217;Utilisateur convient que, lors de la visite et de l&#8217;utilisation du Site, Van Moer recueille et traite les donn\u00e9es personnelles suivantes:<\/p>\n\n<ul class=\"wp-block-list\">\n<li class=\"has-small-font-size\">Pr\u00e9nom et nom de famille<\/li>\n\n\n\n<li class=\"has-small-font-size\">Coordonn\u00e9es<\/li>\n\n\n\n<li class=\"has-small-font-size\">Num\u00e9ro de t\u00e9l\u00e9phone<\/li>\n\n\n\n<li class=\"has-small-font-size\">Adresse \u00e9lectronique<\/li>\n\n\n\n<li class=\"has-small-font-size\">Autres donn\u00e9es \u00e0 caract\u00e8re personnel que vous fournissez activement, par exemple en cr\u00e9ant un profil sur ce site web, dans le cadre d\u2019une correspondance ou par t\u00e9l\u00e9phone.<\/li>\n\n\n\n<li class=\"has-small-font-size\">Donn\u00e9es relatives \u00e0 votre comportement de navigation sur diff\u00e9rents sites web (par exemple parce que cette entreprise fait partie d\u2019un r\u00e9seau publicitaire).<\/li>\n\n\n\n<li class=\"has-small-font-size\">Navigateur Internet et type d&#8217;appareil<\/li>\n<\/ul>\n\n<p class=\"has-small-font-size\">Van Moer recueille et traite ces donn\u00e9es personnelles conform\u00e9ment aux termes et principes d\u00e9crits dans la pr\u00e9sente Politique de confidentialit\u00e9.<\/p>\n\n<p class=\"has-small-font-size\"><strong><br\/>5. Consentement<\/strong><\/p>\n\n<p class=\"has-small-font-size\">En acc\u00e9dant et en utilisant le Site, l&#8217;Utilisateur d\u00e9clare avoir donn\u00e9 son consentement libre, sp\u00e9cifique, inform\u00e9 et sans ambigu\u00eft\u00e9 au traitement de ses donn\u00e9es personnelles. Le pr\u00e9sent accord concerne le contenu de la pr\u00e9sente politique de confidentialit\u00e9.<\/p>\n\n<p class=\"has-small-font-size\">La permission est donn\u00e9e par l&#8217;action positive et active par laquelle l&#8217;Utilisateur a coch\u00e9 la bo\u00eete de politique de confidentialit\u00e9 dans &#8216;hypertext link&#8217;. Ce consentement est une condition essentielle pour effectuer certaines actions sur le Site ou pour permettre \u00e0 l&#8217;Utilisateur de conclure une relation contractuelle avec Van Moer. Tout accord entre Van Moer et un Utilisateur concernant les services et les biens offerts sur le Site est subordonn\u00e9 \u00e0 l&#8217;acceptation par l&#8217;Utilisateur de la Politique de confidentialit\u00e9.<\/p>\n\n<p class=\"has-small-font-size\">L&#8217;Utilisateur convient que le Contr\u00f4leur, conform\u00e9ment aux termes et principes contenus dans la pr\u00e9sente Politique de Confidentialit\u00e9, recueille et traite ses donn\u00e9es personnelles qu&#8217;il fournit sur le Site ou en lien avec les services offerts par Van Moer aux fins susmentionn\u00e9es.<\/p>\n\n<p class=\"has-small-font-size\">L&#8217;Utilisateur a le droit de retirer ce consentement \u00e0 tout moment. Le retrait du consentement est sans pr\u00e9judice de la l\u00e9galit\u00e9 du traitement sur la base de l&#8217;autorisation pr\u00e9alable.<\/p>\n\n<p class=\"has-small-font-size\"><strong><br\/>6. Dur\u00e9e de conservation des donn\u00e9es \u00e0 caract\u00e8re personnel des Utilisateurs<\/strong><\/p>\n\n<p class=\"has-small-font-size\">Conform\u00e9ment \u00e0 l&#8217;article 13, paragraphe 2, du r\u00e8glement, le responsable du traitement ne stocke les donn\u00e9es \u00e0 caract\u00e8re personnel que dans la mesure raisonnablement n\u00e9cessaire pour atteindre les finalit\u00e9s pour lesquelles elles sont trait\u00e9es.<\/p>\n\n<p class=\"has-small-font-size\">Dans tous les cas, cette dur\u00e9e ne doit pas d\u00e9passer deux ans.<\/p>\n\n<p class=\"has-small-font-size\"><strong><br\/>7. Destinataires des donn\u00e9es et communication \u00e0 des tiers<\/strong><\/p>\n\n<p class=\"has-small-font-size\">Les donn\u00e9es \u00e0 caract\u00e8re personnel peuvent \u00eatre transf\u00e9r\u00e9es aux salari\u00e9s, sous-traitants, processeurs ou fournisseurs de Van Moer dans la mesure o\u00f9 des garanties ad\u00e9quates sont fournies pour la s\u00e9curit\u00e9 des donn\u00e9es et dans la mesure o\u00f9 elles coop\u00e8rent avec Van Moer pour la commercialisation des produits ou la prestation de services. Ils agissent sous l&#8217;autorit\u00e9 directe de Van Moer et sont notamment responsables de la collecte, du traitement ou de l&#8217;externalisation de ces donn\u00e9es.<\/p>\n\n<p class=\"has-small-font-size\">Dans tous les cas, les destinataires des donn\u00e9es et ceux auxquels elles sont fournies doivent se conformer au contenu de la pr\u00e9sente politique de confidentialit\u00e9. Van Moer s&#8217;assure qu&#8217;ils traitent ces donn\u00e9es uniquement aux fins pr\u00e9vues et de mani\u00e8re discr\u00e8te et s\u00e9curis\u00e9e.<\/p>\n\n<p class=\"has-small-font-size\">Dans le cas o\u00f9 les donn\u00e9es seraient fournies \u00e0 des tiers \u00e0 des fins de marketing direct ou de prospection, l&#8217;Utilisateur sera inform\u00e9 \u00e0 l&#8217;avance afin qu&#8217;il puisse donner son consentement pr\u00e9alable et expr\u00e8s \u00e0 cette utilisation des donn\u00e9es personnelles.<\/p>\n\n<p class=\"has-small-font-size\"><strong><br\/>8. Droits des Utilisateurs<\/strong><\/p>\n\n<p class=\"has-small-font-size\">L\u2019Utilisateur peut exercer ses droits \u00e0 tout moment en envoyant un message par e-mail \u00e0 l\u2019adresse suivante : [info@vanmoer.be](mailto:info@vanmoer.be), ou une lettre par courrier, accompagn\u00e9e d\u2019une copie de sa carte d\u2019identit\u00e9 \u00e0 l\u2019adresse suivante :<br\/>Vaartstraat 70, 2235 Hulshout.<\/p>\n\n<p class=\"has-small-font-size\"><strong><em>a. Droit d\u2019acc\u00e8s<\/em><\/strong><\/p>\n\n<p class=\"has-small-font-size\">Conform\u00e9ment \u00e0 l&#8217;article 15 du r\u00e8glement, Van Moer garantit le droit de l&#8217;Utilisateur d&#8217;acc\u00e9der \u00e0 ses donn\u00e9es personnelles. L&#8217;Utilisateur a le droit d&#8217;acc\u00e9der \u00e0 ces donn\u00e9es personnelles et aux informations suivantes:<\/p>\n\n<ul class=\"wp-block-list\">\n<li class=\"has-small-font-size\">les cat\u00e9gories de donn\u00e9es \u00e0 caract\u00e8re personnel concern\u00e9es;<\/li>\n\n\n\n<li class=\"has-small-font-size\">les destinataires ou les cat\u00e9gories de destinataires auxquels les donn\u00e9es \u00e0 caract\u00e8re personnel sont ou seront communiqu\u00e9es;<\/li>\n\n\n\n<li class=\"has-small-font-size\">lorsque les b\u00e9n\u00e9ficiaires sont \u00e9tablis dans des pays tiers ou des organisations internationales, les garanties appropri\u00e9es ou appropri\u00e9es;<\/li>\n\n\n\n<li class=\"has-small-font-size\">si possible, la p\u00e9riode de stockage propos\u00e9e pour les donn\u00e9es \u00e0 caract\u00e8re personnel ou, si cela n&#8217;est pas possible, les crit\u00e8res pour \u00e9tablir cette p\u00e9riode;<\/li>\n\n\n\n<li class=\"has-small-font-size\">l&#8217;existence d&#8217;une prise de d\u00e9cision automatis\u00e9e, y compris le profilage, vis\u00e9e \u00e0 l&#8217;article 22, paragraphes 1 et 4, du r\u00e8glement et, au moins dans de tels cas, des informations pertinentes sur la logique sous-jacente, ainsi que l&#8217;importance et l&#8217;impact attendu de ce traitement sur la personne concern\u00e9e.<\/li>\n<\/ul>\n\n<p class=\"has-small-font-size\">Le Contr\u00f4leur peut exiger des frais raisonnables en fonction des frais administratifs pour les copies suppl\u00e9mentaires demand\u00e9es par l&#8217;utilisateur.<\/p>\n\n<p class=\"has-small-font-size\">Lorsque l&#8217;utilisateur soumet cette demande par voie \u00e9lectronique (par exemple par l&#8217;interm\u00e9diaire de l&#8217;adresse \u00e9lectronique), les donn\u00e9es doivent \u00eatre fournies sous forme \u00e9lectronique et \u00e0 des fins g\u00e9n\u00e9rales, \u00e0 moins que l&#8217;utilisateur ne le demande.<\/p>\n\n<p class=\"has-small-font-size\">La copie des donn\u00e9es sera communiqu\u00e9e \u00e0 l&#8217;utilisateur dans le mois suivant la r\u00e9ception de la demande.<\/p>\n\n<p class=\"has-small-font-size\"><strong><em>b. Droit de rectification<\/em><\/strong><\/p>\n\n<p class=\"has-small-font-size\">Van Moer garantit le droit de rectification et de suppression des donn\u00e9es personnelles \u00e0 l&#8217;utilisateur.<\/p>\n\n<p class=\"has-small-font-size\">Conform\u00e9ment \u00e0 l&#8217;article 16 du r\u00e8glement, des donn\u00e9es inexactes, inexactes ou non pertinentes peuvent \u00eatre corrig\u00e9es ou supprim\u00e9es \u00e0 tout moment. L&#8217;Utilisateur effectue d&#8217;abord les modifications n\u00e9cessaires de son compte utilisateur, \u00e0 moins qu&#8217;elles ne puissent \u00eatre effectu\u00e9es ind\u00e9pendamment, auquel cas la demande peut \u00eatre adress\u00e9e \u00e0 Van Moer.<\/p>\n\n<p class=\"has-small-font-size\">Conform\u00e9ment \u00e0 l&#8217;article 19 du r\u00e8glement, le responsable du traitement notifie \u00e0 tout destinataire auquel les donn\u00e9es \u00e0 caract\u00e8re personnel ont \u00e9t\u00e9 fournies toute rectification des donn\u00e9es \u00e0 caract\u00e8re personnel, \u00e0 moins que cette rectification ne s&#8217;av\u00e8re impossible ou ne n\u00e9cessite des efforts disproportionn\u00e9s. Le responsable du traitement fournit \u00e0 la personne concern\u00e9e des informations sur ces destinataires si la personne concern\u00e9e le demande.<\/p>\n\n<p class=\"has-small-font-size\"><strong><em>c. Droit \u00e0 l\u2019effacement<\/em><\/strong><\/p>\n\n<p class=\"has-small-font-size\">L&#8217;Utilisateur a le droit d&#8217;obtenir la suppression de ses donn\u00e9es \u00e0 caract\u00e8re personnel d\u00e8s que possible dans les cas vis\u00e9s \u00e0 l&#8217;article 17 du r\u00e8glement.<\/p>\n\n<p class=\"has-small-font-size\">Lorsque le responsable du traitement a communiqu\u00e9 les donn\u00e9es \u00e0 caract\u00e8re personnel et est tenu de les effacer conform\u00e9ment au paragraphe pr\u00e9c\u00e9dent, il prend des mesures raisonnables, en tenant compte des technologies disponibles et des co\u00fbts de mise en \u0153uvre, y compris des mesures techniques, pour les autres responsables du traitement de ces donn\u00e9es \u00e0 caract\u00e8re personnel,informer que la personne concern\u00e9e a demand\u00e9 aux responsables du traitement de supprimer le lien avec ces donn\u00e9es \u00e0 caract\u00e8re personnel ou une copie ou reproduction de ces donn\u00e9es.<\/p>\n\n<p class=\"has-small-font-size\">Les deux paragraphes pr\u00e9c\u00e9dents ne s&#8217;appliquent pas dans la mesure o\u00f9 cette transformation est n\u00e9cessaire:<\/p>\n\n<ul class=\"wp-block-list\">\n<li class=\"has-small-font-size\">Pour l&#8217;exercice du droit \u00e0 la libert\u00e9 d&#8217;expression et d\u2019information;<\/li>\n\n\n\n<li class=\"has-small-font-size\">le respect d&#8217;une obligation l\u00e9gale de traiter en vertu du droit de l&#8217;Union ou du droit de l&#8217;\u00c9tat membre auquel appartient le contr\u00f4leur, ou d&#8217;accomplir une t\u00e2che d&#8217;int\u00e9r\u00eat g\u00e9n\u00e9ral ou dans l&#8217;exercice de l&#8217;autorit\u00e9 publique confi\u00e9e au contr\u00f4leur;<\/li>\n\n\n\n<li class=\"has-small-font-size\">la d\u00e9termination, l&#8217;exercice ou la d\u00e9fense d&#8217;actions.<\/li>\n<\/ul>\n\n<p class=\"has-small-font-size\">Conform\u00e9ment \u00e0 l&#8217;article 19 du r\u00e8glement, le responsable du traitement informe tout destinataire auquel les donn\u00e9es \u00e0 caract\u00e8re personnel ont \u00e9t\u00e9 fournies de toute suppression de donn\u00e9es \u00e0 caract\u00e8re personnel ou de toute restriction de leur traitement, \u00e0 moins que cette divulgation ne s&#8217;av\u00e8re impossible ou ne comporte un effort disproportionn\u00e9. Le responsable du traitement fournit \u00e0 la personne concern\u00e9e des informations sur ces destinataires si la personne concern\u00e9e le demande.<\/p>\n\n<p class=\"has-small-font-size\"><strong><em>d. Droit \u00e0 la limitation du traitement<\/em><\/strong><\/p>\n\n<p class=\"has-small-font-size\">L&#8217;Utilisateur a le droit de restreindre le traitement de ses donn\u00e9es \u00e0 caract\u00e8re personnel dans les cas vis\u00e9s \u00e0 l&#8217;article 18 du r\u00e8glement.<\/p>\n\n<p class=\"has-small-font-size\">Conform\u00e9ment \u00e0 l&#8217;article 19 du r\u00e8glement, le responsable du traitement informe tout destinataire \u00e0 qui les donn\u00e9es \u00e0 caract\u00e8re personnel ont \u00e9t\u00e9 fournies de toute restriction au traitement effectu\u00e9, \u00e0 moins que cette divulgation ne s&#8217;av\u00e8re impossible ou ne comporte un effort disproportionn\u00e9. Le responsable du traitement fournit \u00e0 la personne concern\u00e9e des informations sur ces destinataires si la personne concern\u00e9e le demande.<\/p>\n\n<p class=\"has-small-font-size\"><strong><em>e. Droit \u00e0 la portabilit\u00e9 des donn\u00e9es<\/em><\/strong><\/p>\n\n<p class=\"has-small-font-size\">Conform\u00e9ment \u00e0 l&#8217;article 20 du r\u00e8glement, les utilisateurs ont le droit de recevoir leurs donn\u00e9es personnelles de Van Moer dans un format structur\u00e9, couramment utilis\u00e9 et lisible par machine. Les utilisateurs ont le droit de transf\u00e9rer ces donn\u00e9es \u00e0 un autre contr\u00f4leur sans emp\u00eacher Van Moer de le faire, dans les cas pr\u00e9vus par le r\u00e8glement.<\/p>\n\n<p class=\"has-small-font-size\">Lorsque l&#8217;utilisateur exerce son droit \u00e0 la portabilit\u00e9 des donn\u00e9es en vertu du paragraphe pr\u00e9c\u00e9dent, il a le droit de faire transf\u00e9rer des donn\u00e9es \u00e0 caract\u00e8re personnel directement d&#8217;un responsable \u00e0 un autre, dans la mesure du possible techniquement.<\/p>\n\n<p class=\"has-small-font-size\">L&#8217;exercice du droit \u00e0 la portabilit\u00e9 des donn\u00e9es est sans pr\u00e9judice du droit de supprimer des donn\u00e9es. Ce droit ne s&#8217;applique pas au traitement n\u00e9cessaire \u00e0 l&#8217;accomplissement d&#8217;une mission d&#8217;int\u00e9r\u00eat g\u00e9n\u00e9ral ou \u00e0 l&#8217;exercice de l&#8217;autorit\u00e9 publique confi\u00e9e au contr\u00f4leur.<\/p>\n\n<p class=\"has-small-font-size\">Le droit \u00e0 la portabilit\u00e9 des donn\u00e9es n&#8217;affecte pas les droits et libert\u00e9s des tiers.<\/p>\n\n<p class=\"has-small-font-size\"><strong><em>f. Droit d\u2019opposition et de prise de d\u00e9cision individuelle automatis\u00e9e<\/em><\/strong><\/p>\n\n<p class=\"has-small-font-size\">L&#8217;Utilisateur a le droit \u00e0 tout moment de s&#8217;opposer au traitement de ses donn\u00e9es personnelles en raison de sa situation sp\u00e9cifique, y compris l&#8217;automatisation des donn\u00e9es par Van Moer. Conform\u00e9ment \u00e0 l&#8217;article 21 du r\u00e8glement, Van Moer ne traitera plus les donn\u00e9es \u00e0 caract\u00e8re personnel \u00e0 moins qu&#8217;il n&#8217;y ait des raisons l\u00e9gitimes et imp\u00e9rieuses pour lesquelles le traitement l&#8217;emporte sur les int\u00e9r\u00eats et les droits et libert\u00e9s de l&#8217;Utilisateur, ou sur l&#8217;\u00e9tablissement, l&#8217;exercice ou la d\u00e9fense de droits l\u00e9gaux.<\/p>\n\n<p class=\"has-small-font-size\">Lors du traitement des donn\u00e9es \u00e0 caract\u00e8re personnel \u00e0 des fins de prospection, l&#8217;Utilisateur a \u00e0 tout moment le droit de s&#8217;opposer au traitement des donn\u00e9es \u00e0 caract\u00e8re personnel le concernant \u00e0 ces fins de prospection, y compris le profilage dans la mesure o\u00f9 il se rapporte \u00e0 cette prospection.<\/p>\n\n<p class=\"has-small-font-size\">Lorsque la personne concern\u00e9e s&#8217;oppose au traitement aux fins de prospection, les donn\u00e9es \u00e0 caract\u00e8re personnel ne sont plus trait\u00e9es \u00e0 cette fin.<\/p>\n\n<p class=\"has-small-font-size\"><strong><em>g. Droit d\u2019introduire une r\u00e9clamation<\/em><\/strong><\/p>\n\n<p class=\"has-small-font-size\">L&#8217;Utilisateur a le droit de d\u00e9poser une plainte concernant le traitement de ses donn\u00e9es personnelles par Van Moer, aupr\u00e8s de l&#8217;Autorit\u00e9 de protection des donn\u00e9es responsable du territoire belge. De plus amples informations sont disponibles sur le site Web: https:\/\/www.dataprotectionauthority.be\/.<\/p>\n\n<p class=\"has-small-font-size\">Les plaintes peuvent \u00eatre d\u00e9pos\u00e9es aux adresses suivantes:<\/p>\n\n<p class=\"has-small-font-size\">Autorit\u00e9 de protection des donn\u00e9es     <br\/>Rue de la Presse 35, 1000 Bruxelles      <br\/>T\u00e9l. +32 2 274 48 00   <br\/>Fax. +32 2 274 48 35  <br\/>E-mail : [contact@apd-gba.be](mailto:contact@apd-gba.be)<\/p>\n\n<p class=\"has-small-font-size\">L&#8217;Utilisateur peut \u00e9galement introduire un recours en gr\u00e8ve devant le pr\u00e9sident du Tribunal de premi\u00e8re instance de son lieu de r\u00e9sidence.<\/p>\n\n<p class=\"has-small-font-size\"><strong><br\/>9. Cookies<\/strong><\/p>\n\n<p class=\"has-small-font-size\">Le Site utilise des cookies pour distinguer les utilisateurs du Site. Cela permet d&#8217;offrir aux utilisateurs une meilleure exp\u00e9rience de navigation et une am\u00e9lioration du Site et de son contenu. Les objectifs et les m\u00e9thodes des cookies sont \u00e9nonc\u00e9s dans cet article.<\/p>\n\n<p class=\"has-small-font-size\"><strong><em>a. Principes g\u00e9n\u00e9raux<\/em><\/strong><\/p>\n\n<p class=\"has-small-font-size\">Un &#8220;<strong>Cookie<\/strong>&#8221; est un fichier plac\u00e9 temporairement ou de mani\u00e8re permanente sur l\u2019appareil de l\u2019Utilisateur lors de la consultation du Site en vue d\u2019une connexion ult\u00e9rieure. Gr\u00e2ce aux cookies, le serveur reconna\u00eet l\u2019appareil de l\u2019Utilisateur.<\/p>\n\n<p class=\"has-small-font-size\">Les cookies peuvent \u00e9galement \u00eatre install\u00e9s par des tiers avec qui Van Moer travaille.<\/p>\n\n<p class=\"has-small-font-size\">Certains des cookies utilis\u00e9s par Van Moer sont n\u00e9cessaires au bon fonctionnement du Site, d&#8217;autres sont n\u00e9cessaires pour am\u00e9liorer l&#8217;exp\u00e9rience de l&#8217;utilisateur.<\/p>\n\n<p class=\"has-small-font-size\">L&#8217;utilisateur peut modifier ou d\u00e9sactiver les cookies.<\/p>\n\n<p class=\"has-small-font-size\">En utilisant le Site, l&#8217;Utilisateur accepte express\u00e9ment la gestion des cookies comme d\u00e9crit dans cet article.<\/p>\n\n<p class=\"has-small-font-size\"><strong><em>b. Types de cookies et finalit\u00e9s poursuivies<\/em><\/strong><\/p>\n\n<p class=\"has-small-font-size\">Les diff\u00e9rents types de cookies sont utilis\u00e9s par Van Moer sur le Site:<\/p>\n\n<ul class=\"wp-block-list\">\n<li class=\"has-small-font-size\">Cookies techniques: ils sont n\u00e9cessaires au fonctionnement du Site, permettent la communication des donn\u00e9es saisies et sont destin\u00e9s \u00e0 faciliter la navigation de l&#8217;Utilisateur;<\/li>\n\n\n\n<li class=\"has-small-font-size\">Cookies analytiques et publics: Ces cookies permettent la reconnaissance de l&#8217;Utilisateur et sont utilis\u00e9s pour compter le nombre d&#8217;Utilisateurs du Site sur une certaine p\u00e9riode de temps. Parce qu&#8217;ils indiquent \u00e9galement le comportement de surf, ils sont un moyen efficace d&#8217;am\u00e9liorer l&#8217;exp\u00e9rience de surf de l&#8217;utilisateur en affichant des suggestions et des offres qui pourraient int\u00e9resser l&#8217;Utilisateur. Ils permettent \u00e9galement \u00e0 Van Moer d&#8217;identifier et de corriger tous les bugs sur le Site;<\/li>\n\n\n\n<li class=\"has-small-font-size\">Cookies fonctionnels : Ces cookies facilitent l&#8217;utilisation du Site en maintenant certains choix entr\u00e9s (par exemple nom d&#8217;utilisateur ou langue);<\/li>\n\n\n\n<li class=\"has-small-font-size\">Cookies de suivi : Van Moer utilise des cookies de suivi via Google Analytics pour mesurer l&#8217;interaction des utilisateurs avec le contenu du Site et produire des statistiques anonymes. Ces statistiques permettent \u00e0 Van Moer d&#8217;am\u00e9liorer le Site. Google appuie l&#8217;explication de ces cookies \u00e0 l&#8217;adresse suivante: http:\/\/www.google.nl\/intl\/en uk\/policy\/privacy\/.<\/li>\n<\/ul>\n\n<p class=\"has-small-font-size\"><strong><em>c. Dur\u00e9e de conservation des cookies<\/em><\/strong><\/p>\n\n<p class=\"has-small-font-size\">Les cookies sont stock\u00e9s pendant le temps n\u00e9cessaire pour atteindre l&#8217;objectif vis\u00e9. Les cookies qui peuvent \u00eatre stock\u00e9s sur le disque dur de l&#8217;Utilisateur et la p\u00e9riode de stockage sont les suivants:<\/p>\n\n<p class=\"has-small-font-size\">Voir la politique sur les cookies.<\/p>\n\n<p class=\"has-small-font-size\"><strong><em>d. Gestion des cookies<\/em><\/strong><\/p>\n\n<p class=\"has-small-font-size\">Si l&#8217;Utilisateur ne veut pas que le Site place des cookies sur son disque dur, il peut facilement les g\u00e9rer ou les supprimer en ajustant les param\u00e8tres de son navigateur. En programmant le navigateur, l&#8217;Utilisateur peut \u00e9galement recevoir une notification une fois qu&#8217;un site Web utilise des cookies et d\u00e9cider de les accepter ou de les refuser.<\/p>\n\n<p class=\"has-small-font-size\">Si l&#8217;Utilisateur d\u00e9sactive certains cookies, il accepte que le Site ne fonctionne pas de mani\u00e8re optimale. Certaines parties du Site peuvent ne pas \u00eatre utiles ou partiellement utilisables.<\/p>\n\n<p class=\"has-small-font-size\">Si l&#8217;Utilisateur souhaite g\u00e9rer et\/ou supprimer certains cookies de cette mani\u00e8re, il peut le faire via le(s) lien(s) suivant(s):<\/p>\n\n<p class=\"has-small-font-size\">Pour les utilisateurs avec un navigateur :<\/p>\n\n<ul class=\"wp-block-list\">\n<li class=\"has-small-font-size\">Internet Explorer: http:\/\/windows.microsoft.com\/en-us\/windows-vista\/block-or-allow-cookies<\/li>\n\n\n\n<li class=\"has-small-font-size\">Microsoft Edge: http:\/\/windows.microsoft.com\/en-gb\/windows-10\/edge-privacy-faq<\/li>\n\n\n\n<li class=\"has-small-font-size\">Chrome: https:\/\/support.google.com\/accounts\/answer\/61416?hl=fr<\/li>\n\n\n\n<li class=\"has-small-font-size\">Firefox: https:\/\/support.mozilla.org\/fr\/kb\/activer-desactiver-cookies-preferences<\/li>\n\n\n\n<li class=\"has-small-font-size\">Safari: https:\/\/support.apple.com\/kb\/ph21411?locale=fr CA<\/li>\n<\/ul>\n\n<p class=\"has-small-font-size\">Si l&#8217;Utilisateur refuse d&#8217;autoriser l&#8217;utilisation de cookies Google Analytics, il est invit\u00e9 \u00e0 configurer son navigateur pour le faire sur le site suivant : http:\/\/tools.google.com\/dlpage\/gaoptout.<\/p>\n\n<p class=\"has-small-font-size\"><strong><br\/>10. Limitation de la responsabilit\u00e9 du Responsable du traitement<\/strong><\/p>\n\n<p class=\"has-small-font-size\">Le site Web peut contenir des liens vers d&#8217;autres sites tiers qui ne sont pas li\u00e9s \u00e0 Van Moer. Le contenu de ces sites et le respect du r\u00e8glement et de la loi ne sont pas de la responsabilit\u00e9 de Van Moer.<\/p>\n\n<p class=\"has-small-font-size\">Le titulaire de l&#8217;autorit\u00e9 parentale doit donner son consentement expr\u00e8s au mineur de moins de 16 ans pour communiquer des renseignements personnels ou des donn\u00e9es par l&#8217;interm\u00e9diaire du Site. Van Moer recommande vivement aux personnes exer\u00e7ant l&#8217;autorit\u00e9 parentale sur les mineurs de promouvoir une utilisation responsable et s\u00fbre de l&#8217;Internet.Le responsable du traitement ne peut \u00eatre tenu pour responsable de la collecte et du traitement des informations personnelles et des donn\u00e9es relatives aux mineurs de moins de 16 ans dont le consentement n&#8217;est pas effectivement couvert par celui de leurs parents l\u00e9gaux, ni pour des donn\u00e9es incorrectes, notamment en ce qui concerne l&#8217;\u00e2ge, import\u00e9es par des mineurs. En aucun cas les donn\u00e9es personnelles ne seront trait\u00e9es par le contr\u00f4leur si l&#8217;utilisateur indique qu&#8217;il a moins de 16 ans.<\/p>\n\n<p class=\"has-small-font-size\">Van Moer n&#8217;est pas responsable de la perte, du dommage ou du vol de donn\u00e9es personnelles, notamment en raison de la pr\u00e9sence de virus ou apr\u00e8s des attaques informatiques.<\/p>\n\n<p class=\"has-small-font-size\"><strong><br\/>11. S\u00e9curit\u00e9 et protection<\/strong><\/p>\n\n<p class=\"has-small-font-size\">Le responsable du traitement met en \u0153uvre des mesures techniques et organisationnelles pour assurer un niveau de s\u00e9curit\u00e9 appropri\u00e9 pour le traitement et la collecte des donn\u00e9es. Ces mesures de s\u00e9curit\u00e9 d\u00e9pendent des co\u00fbts de mise en \u0153uvre li\u00e9s \u00e0 la nature, au contexte et aux objectifs du traitement des donn\u00e9es \u00e0 caract\u00e8re personnel.<\/p>\n\n<p class=\"has-small-font-size\">Le contr\u00f4leur utilise des technologies de chiffrement standard dans le secteur informatique lors du transfert ou de la collecte de donn\u00e9es sur le Site.<\/p>\n\n<p class=\"has-small-font-size\"><strong><br\/>12. Modification de la Politique de confidentialit\u00e9<\/strong><\/p>\n\n<p class=\"has-small-font-size\">Van Moer se r\u00e9serve le droit de modifier cette Politique de confidentialit\u00e9 pour se conformer aux obligations l\u00e9gales \u00e0 cet \u00e9gard. L&#8217;Utilisateur est donc invit\u00e9 \u00e0 consulter r\u00e9guli\u00e8rement la Politique de confidentialit\u00e9 pour se tenir inform\u00e9 de tout changement. De telles modifications seront affich\u00e9es sur le Site ou envoy\u00e9es par courriel pour assurer l&#8217;opposition.<\/p>\n\n<p class=\"has-small-font-size\"><strong><br\/>13. Droit applicable et juridiction comp\u00e9tente<\/strong><\/p>\n\n<p class=\"has-small-font-size\">Cette politique de confidentialit\u00e9 est r\u00e9gie exclusivement par le droit belge. Tout litige sera soumis aux tribunaux du district judiciaire du si\u00e8ge social de Van Moer.<\/p>\n\n<p class=\"has-small-font-size\"><strong><br\/>14. Contact<\/strong><\/p>\n\n<p class=\"has-small-font-size\">Pour toute question ou r\u00e9clamation relative \u00e0 la pr\u00e9sente Politique de confidentialit\u00e9, l&#8217;Utilisateur peut contacter le Contr\u00f4leur \u00e0 l&#8217;adresse suivante: info@vanmoer.be.<\/p>\n\n<p class=\"has-small-font-size\"><strong><br\/>***<\/strong><\/p>\n","protected":false},"excerpt":{"rendered":"Mis \u00e0 jour le 25 mars 2022 1. Parties et objet NV Etablissementen Van Moer (ci-apr\u00e8s \u00ab Van Moer \u00bb ou le \u00ab Responsable du traitement \u00bb) Vaartstraat 70 2235 Hulshout Belgique BCE\/TVA : 0403.629.965 E-mail : [info@vanmoer.be](mailto:info@vanmoer.be) Num\u00e9ro de t\u00e9l\u00e9phone : +32 (0)15 25 86 20 Van Moer \u00e9tablit la pr\u00e9sente Politique de confidentialit\u00e9, [&hellip;]","protected":false},"author":1,"featured_media":0,"parent":0,"menu_order":0,"comment_status":"closed","ping_status":"open","template":"page-templates\/tpl-content.php","meta":{"_acf_changed":false,"inline_featured_image":false,"footnotes":""},"class_list":["post-18322","page","type-page","status-publish","hentry"],"acf":[],"yoast_head":"<!-- This site is optimized with the Yoast SEO plugin v27.3 - https:\/\/yoast.com\/product\/yoast-seo-wordpress\/ -->\n<title>Politique de confidentialit\u00e9 - Van Moer | Bedrijfskledij<\/title>\n<meta name=\"robots\" content=\"noindex, follow\" \/>\n<meta property=\"og:locale\" content=\"nl_BE\" \/>\n<meta property=\"og:type\" content=\"article\" \/>\n<meta property=\"og:title\" content=\"Politique de confidentialit\u00e9 - Van Moer | Bedrijfskledij\" \/>\n<meta property=\"og:description\" content=\"Mis \u00e0 jour le 25 mars 2022 1. Parties et objet NV Etablissementen Van Moer (ci-apr\u00e8s \u00ab Van Moer \u00bb ou le \u00ab Responsable du traitement \u00bb) Vaartstraat 70 2235 Hulshout Belgique BCE\/TVA : 0403.629.965 E-mail : [info@vanmoer.be](mailto:info@vanmoer.be) Num\u00e9ro de t\u00e9l\u00e9phone : +32 (0)15 25 86 20 Van Moer \u00e9tablit la pr\u00e9sente Politique de confidentialit\u00e9, [&hellip;]\" \/>\n<meta property=\"og:url\" content=\"https:\/\/vanmoer.be\/fr\/politique-de-confidentialite\/\" \/>\n<meta property=\"og:site_name\" content=\"Van Moer | Bedrijfskledij\" \/>\n<meta property=\"article:modified_time\" content=\"2026-03-10T12:18:19+00:00\" \/>\n<meta name=\"twitter:card\" content=\"summary_large_image\" \/>\n<meta name=\"twitter:label1\" content=\"Geschatte leestijd\" \/>\n\t<meta name=\"twitter:data1\" content=\"18 minuten\" \/>\n<script type=\"application\/ld+json\" class=\"yoast-schema-graph\">{\"@context\":\"https:\\\/\\\/schema.org\",\"@graph\":[{\"@type\":\"WebPage\",\"@id\":\"https:\\\/\\\/vanmoer.be\\\/fr\\\/politique-de-confidentialite\\\/\",\"url\":\"https:\\\/\\\/vanmoer.be\\\/fr\\\/politique-de-confidentialite\\\/\",\"name\":\"Politique de confidentialit\u00e9 - Van Moer | Bedrijfskledij\",\"isPartOf\":{\"@id\":\"https:\\\/\\\/vanmoer.be\\\/fr\\\/#website\"},\"datePublished\":\"2023-05-10T01:22:34+00:00\",\"dateModified\":\"2026-03-10T12:18:19+00:00\",\"breadcrumb\":{\"@id\":\"https:\\\/\\\/vanmoer.be\\\/fr\\\/politique-de-confidentialite\\\/#breadcrumb\"},\"inLanguage\":\"nl-BE\",\"potentialAction\":[{\"@type\":\"ReadAction\",\"target\":[\"https:\\\/\\\/vanmoer.be\\\/fr\\\/politique-de-confidentialite\\\/\"]}]},{\"@type\":\"BreadcrumbList\",\"@id\":\"https:\\\/\\\/vanmoer.be\\\/fr\\\/politique-de-confidentialite\\\/#breadcrumb\",\"itemListElement\":[{\"@type\":\"ListItem\",\"position\":1,\"name\":\"Home\",\"item\":\"https:\\\/\\\/vanmoer.be\\\/fr\\\/\"},{\"@type\":\"ListItem\",\"position\":2,\"name\":\"Politique de confidentialit\u00e9\"}]},{\"@type\":\"WebSite\",\"@id\":\"https:\\\/\\\/vanmoer.be\\\/fr\\\/#website\",\"url\":\"https:\\\/\\\/vanmoer.be\\\/fr\\\/\",\"name\":\"Van Moer | Bedrijfskledij\",\"description\":\"\",\"potentialAction\":[{\"@type\":\"SearchAction\",\"target\":{\"@type\":\"EntryPoint\",\"urlTemplate\":\"https:\\\/\\\/vanmoer.be\\\/fr\\\/?s={search_term_string}\"},\"query-input\":{\"@type\":\"PropertyValueSpecification\",\"valueRequired\":true,\"valueName\":\"search_term_string\"}}],\"inLanguage\":\"nl-BE\"}]}<\/script>\n<!-- \/ Yoast SEO plugin. -->","yoast_head_json":{"title":"Politique de confidentialit\u00e9 - Van Moer | Bedrijfskledij","robots":{"index":"noindex","follow":"follow"},"og_locale":"nl_BE","og_type":"article","og_title":"Politique de confidentialit\u00e9 - Van Moer | Bedrijfskledij","og_description":"Mis \u00e0 jour le 25 mars 2022 1. Parties et objet NV Etablissementen Van Moer (ci-apr\u00e8s \u00ab Van Moer \u00bb ou le \u00ab Responsable du traitement \u00bb) Vaartstraat 70 2235 Hulshout Belgique BCE\/TVA : 0403.629.965 E-mail : [info@vanmoer.be](mailto:info@vanmoer.be) Num\u00e9ro de t\u00e9l\u00e9phone : +32 (0)15 25 86 20 Van Moer \u00e9tablit la pr\u00e9sente Politique de confidentialit\u00e9, [&hellip;]","og_url":"https:\/\/vanmoer.be\/fr\/politique-de-confidentialite\/","og_site_name":"Van Moer | Bedrijfskledij","article_modified_time":"2026-03-10T12:18:19+00:00","twitter_card":"summary_large_image","twitter_misc":{"Geschatte leestijd":"18 minuten"},"schema":{"@context":"https:\/\/schema.org","@graph":[{"@type":"WebPage","@id":"https:\/\/vanmoer.be\/fr\/politique-de-confidentialite\/","url":"https:\/\/vanmoer.be\/fr\/politique-de-confidentialite\/","name":"Politique de confidentialit\u00e9 - Van Moer | Bedrijfskledij","isPartOf":{"@id":"https:\/\/vanmoer.be\/fr\/#website"},"datePublished":"2023-05-10T01:22:34+00:00","dateModified":"2026-03-10T12:18:19+00:00","breadcrumb":{"@id":"https:\/\/vanmoer.be\/fr\/politique-de-confidentialite\/#breadcrumb"},"inLanguage":"nl-BE","potentialAction":[{"@type":"ReadAction","target":["https:\/\/vanmoer.be\/fr\/politique-de-confidentialite\/"]}]},{"@type":"BreadcrumbList","@id":"https:\/\/vanmoer.be\/fr\/politique-de-confidentialite\/#breadcrumb","itemListElement":[{"@type":"ListItem","position":1,"name":"Home","item":"https:\/\/vanmoer.be\/fr\/"},{"@type":"ListItem","position":2,"name":"Politique de confidentialit\u00e9"}]},{"@type":"WebSite","@id":"https:\/\/vanmoer.be\/fr\/#website","url":"https:\/\/vanmoer.be\/fr\/","name":"Van Moer | Bedrijfskledij","description":"","potentialAction":[{"@type":"SearchAction","target":{"@type":"EntryPoint","urlTemplate":"https:\/\/vanmoer.be\/fr\/?s={search_term_string}"},"query-input":{"@type":"PropertyValueSpecification","valueRequired":true,"valueName":"search_term_string"}}],"inLanguage":"nl-BE"}]}},"_links":{"self":[{"href":"https:\/\/vanmoer.be\/fr\/wp-json\/wp\/v2\/pages\/18322","targetHints":{"allow":["GET"]}}],"collection":[{"href":"https:\/\/vanmoer.be\/fr\/wp-json\/wp\/v2\/pages"}],"about":[{"href":"https:\/\/vanmoer.be\/fr\/wp-json\/wp\/v2\/types\/page"}],"author":[{"embeddable":true,"href":"https:\/\/vanmoer.be\/fr\/wp-json\/wp\/v2\/users\/1"}],"replies":[{"embeddable":true,"href":"https:\/\/vanmoer.be\/fr\/wp-json\/wp\/v2\/comments?post=18322"}],"version-history":[{"count":1,"href":"https:\/\/vanmoer.be\/fr\/wp-json\/wp\/v2\/pages\/18322\/revisions"}],"predecessor-version":[{"id":18323,"href":"https:\/\/vanmoer.be\/fr\/wp-json\/wp\/v2\/pages\/18322\/revisions\/18323"}],"wp:attachment":[{"href":"https:\/\/vanmoer.be\/fr\/wp-json\/wp\/v2\/media?parent=18322"}],"curies":[{"name":"wp","href":"https:\/\/api.w.org\/{rel}","templated":true}]}}