{"id":18422,"date":"2023-10-18T11:38:20","date_gmt":"2023-10-18T09:38:20","guid":{"rendered":"https:\/\/vanmoer.be\/a-propos-de-nous\/qui-est-qui\/"},"modified":"2026-03-30T11:13:34","modified_gmt":"2026-03-30T09:13:34","slug":"qui-est-qui","status":"publish","type":"page","link":"https:\/\/vanmoer.be\/fr\/a-propos-de-nous\/qui-est-qui\/","title":{"rendered":"Qui est qui ?"},"content":{"rendered":"<section class=\"team__section cmn__section\">\n  <div class=\"container\">\n    <div class=\"row\">\n              <div class=\"col-sm-6 col-lg-4\">\n          <div class=\"team__card\">\n\n                          <figure class=\"team__thumb\">\n                <img decoding=\"async\" src=\"https:\/\/vanmoer.be\/wp-content\/uploads\/2023\/11\/Arie.webp\" alt=\"\" \/>\n              <\/figure>\n            \n            <figcaption class=\"caption\">\n\n              <h5 class=\"name\">Arie Raymakers<\/h5>\n\n                              <small class=\"post\">Sales Manager NL<\/small>\n                                            <div class=\"contact\">\n                                      <a href=\"\"><img decoding=\"async\"\n                        src=\"https:\/\/vanmoer.be\/wp-content\/themes\/van-moer\/assets\/images\/linkedin.svg\" alt=\"\"\n                        class=\"svg\" \/><\/a>\n                                      <a href=\"tel:\"><img decoding=\"async\"\n                        src=\"https:\/\/vanmoer.be\/wp-content\/themes\/van-moer\/assets\/images\/phone.svg\" alt=\"\"\n                        class=\"svg\" \/><\/a>\n                                      <a href=\"mailto:a.raymakers@vanmoer.nl\"><img decoding=\"async\"\n                        src=\"https:\/\/vanmoer.be\/wp-content\/themes\/van-moer\/assets\/images\/mail.svg\" alt=\"\"\n                        class=\"svg\" \/><\/a>\n                  \n                <\/div>\n                            <div class=\"team-card-footer\">\n                <div class=\"desc\">Chez Van Moer, Arie se consacre chaque jour \u00e0 la vente de v\u00eatements professionnels personnalis\u00e9s pour le secteur de la sant\u00e9 et l\u2019industrie aux Pays-Bas. Il renforce l\u2019\u00e9quipe gr\u00e2ce \u00e0 son approche structur\u00e9e et orient\u00e9e projet, ainsi qu\u2019\u00e0 sa vision centr\u00e9e sur le client en mati\u00e8re de v\u00eatements de travail et de v\u00eatements professionnels personnalis\u00e9s.\n\nAvec plus de 20 ans d\u2019exp\u00e9rience et un fort engagement envers ses clients, il accompagne les organisations \u00e0 la recherche d\u2019expertise, de confiance et de conseils professionnels dans le choix d\u2019une solution vestimentaire parfaitement adapt\u00e9e \u00e0 leurs besoins.\n\nDes qualit\u00e9s qui s\u2019expriment pleinement dans son r\u00f4le de Sales Manager et de responsable de comptes pour de grandes blanchisseries industrielles et des h\u00f4pitaux.<\/div>\n\n                <div class=\"more-btn-wrap\">\n                  <a href=\"#\" class=\"show-more\">Lees meer +<\/a>\n                  <a href=\"#\" class=\"show-less\">Lees minder &#8211;<\/a>\n                <\/div>\n              <\/div>\n            <\/figcaption>\n          <\/div>\n        <\/div>\n              <div class=\"col-sm-6 col-lg-4\">\n          <div class=\"team__card\">\n\n                          <figure class=\"team__thumb\">\n                <img decoding=\"async\" src=\"https:\/\/vanmoer.be\/wp-content\/uploads\/2024\/10\/Mentall_van_moer_warmer-61.jpg\" alt=\"\" \/>\n              <\/figure>\n            \n            <figcaption class=\"caption\">\n\n              <h5 class=\"name\">Cathy Rong\u00e9<\/h5>\n\n                              <small class=\"post\">Key Accountmanager Healthcare<\/small>\n                                            <div class=\"contact\">\n                                      <a href=\"\"><img decoding=\"async\"\n                        src=\"https:\/\/vanmoer.be\/wp-content\/themes\/van-moer\/assets\/images\/linkedin.svg\" alt=\"\"\n                        class=\"svg\" \/><\/a>\n                                      <a href=\"tel:\"><img decoding=\"async\"\n                        src=\"https:\/\/vanmoer.be\/wp-content\/themes\/van-moer\/assets\/images\/phone.svg\" alt=\"\"\n                        class=\"svg\" \/><\/a>\n                                      <a href=\"mailto:c.ronge@vanmoer.be\"><img decoding=\"async\"\n                        src=\"https:\/\/vanmoer.be\/wp-content\/themes\/van-moer\/assets\/images\/mail.svg\" alt=\"\"\n                        class=\"svg\" \/><\/a>\n                  \n                <\/div>\n                            <div class=\"team-card-footer\">\n                <div class=\"desc\">Cathy est active chez Van Moer depuis mi-2024 et apporte plus de 20 ans d\u2019exp\u00e9rience dans la vente au sein du secteur de la sant\u00e9. De formation infirmi\u00e8re sociale, elle conna\u00eet parfaitement l\u2019univers des h\u00f4pitaux et des institutions de soins en Flandre \u2013 un environnement qui lui est familier et dans lequel elle se sent comme chez elle, dans un contexte professionnel.\n\nAvec Cathy \u00e0 bord, Van Moer souhaite renforcer davantage la pr\u00e9sence de ses v\u00eatements professionnels personnalis\u00e9s dans le secteur des soins de sant\u00e9 en Belgique. Elle est une professionnelle enthousiaste, motiv\u00e9e et curieuse, dot\u00e9e d\u2019un v\u00e9ritable esprit \u00ab hands-on \u00bb. La construction de partenariats durables avec les clients est au c\u0153ur de son approche, tout en restant attentive aux nouvelles opportunit\u00e9s commerciales.\n\nSa personnalit\u00e9 chaleureuse et affirm\u00e9e est particuli\u00e8rement appr\u00e9ci\u00e9e par les acteurs du secteur de la sant\u00e9. Ensemble, ces qualit\u00e9s constituent une base solide pour poursuivre le d\u00e9veloppement de Van Moer Healthcare comme une v\u00e9ritable success story.<\/div>\n\n                <div class=\"more-btn-wrap\">\n                  <a href=\"#\" class=\"show-more\">Lees meer +<\/a>\n                  <a href=\"#\" class=\"show-less\">Lees minder &#8211;<\/a>\n                <\/div>\n              <\/div>\n            <\/figcaption>\n          <\/div>\n        <\/div>\n              <div class=\"col-sm-6 col-lg-4\">\n          <div class=\"team__card\">\n\n                          <figure class=\"team__thumb\">\n                <img decoding=\"async\" src=\"https:\/\/vanmoer.be\/wp-content\/uploads\/2023\/10\/Mentall_van_moer_warmer-64.jpg\" alt=\"\" \/>\n              <\/figure>\n            \n            <figcaption class=\"caption\">\n\n              <h5 class=\"name\">Chris Claes<\/h5>\n\n                              <small class=\"post\">Project Manager<\/small>\n                                            <div class=\"contact\">\n                                      <a href=\"\"><img decoding=\"async\"\n                        src=\"https:\/\/vanmoer.be\/wp-content\/themes\/van-moer\/assets\/images\/linkedin.svg\" alt=\"\"\n                        class=\"svg\" \/><\/a>\n                                      <a href=\"tel:\"><img decoding=\"async\"\n                        src=\"https:\/\/vanmoer.be\/wp-content\/themes\/van-moer\/assets\/images\/phone.svg\" alt=\"\"\n                        class=\"svg\" \/><\/a>\n                                      <a href=\"mailto:c.claes@vanmoer.be\"><img decoding=\"async\"\n                        src=\"https:\/\/vanmoer.be\/wp-content\/themes\/van-moer\/assets\/images\/mail.svg\" alt=\"\"\n                        class=\"svg\" \/><\/a>\n                  \n                <\/div>\n                            <div class=\"team-card-footer\">\n                <div class=\"desc\">La collaboration avec les clients, leur accompagnement, le suivi des dossiers clients et la pr\u00e9paration d\u2019appels d\u2019offres : Chris est un v\u00e9ritable touche-\u00e0-tout. Gr\u00e2ce \u00e0 ses nombreuses ann\u00e9es d\u2019exp\u00e9rience dans les secteurs du textile, des blanchisseries industrielles et du milieu hospitalier, il sait mieux que quiconque cr\u00e9er de nouvelles opportunit\u00e9s pour nos clients.\n\nEn tant que Project Manager, il coordonne de grands projets et veille au bon d\u00e9roulement des op\u00e9rations pour des clients tels que des blanchisseries industrielles en Belgique, aux Pays-Bas, en Allemagne et en Suisse.<\/div>\n\n                <div class=\"more-btn-wrap\">\n                  <a href=\"#\" class=\"show-more\">Lees meer +<\/a>\n                  <a href=\"#\" class=\"show-less\">Lees minder &#8211;<\/a>\n                <\/div>\n              <\/div>\n            <\/figcaption>\n          <\/div>\n        <\/div>\n              <div class=\"col-sm-6 col-lg-4\">\n          <div class=\"team__card\">\n\n                          <figure class=\"team__thumb\">\n                <img decoding=\"async\" src=\"https:\/\/vanmoer.be\/wp-content\/uploads\/2026\/03\/Christine-Peeters.webp\" alt=\"\" \/>\n              <\/figure>\n            \n            <figcaption class=\"caption\">\n\n              <h5 class=\"name\">Christine Peeters<\/h5>\n\n                              <small class=\"post\">Sales Director<\/small>\n                                            <div class=\"contact\">\n                                      <a href=\"https:\/\/www.linkedin.com\/in\/christinepeeters\/\"><img decoding=\"async\"\n                        src=\"https:\/\/vanmoer.be\/wp-content\/themes\/van-moer\/assets\/images\/linkedin.svg\" alt=\"\"\n                        class=\"svg\" \/><\/a>\n                                      <a href=\"tel:32474879413\"><img decoding=\"async\"\n                        src=\"https:\/\/vanmoer.be\/wp-content\/themes\/van-moer\/assets\/images\/phone.svg\" alt=\"\"\n                        class=\"svg\" \/><\/a>\n                                      <a href=\"mailto:c.peeters@vanmoer.be\"><img decoding=\"async\"\n                        src=\"https:\/\/vanmoer.be\/wp-content\/themes\/van-moer\/assets\/images\/mail.svg\" alt=\"\"\n                        class=\"svg\" \/><\/a>\n                  \n                <\/div>\n                            <div class=\"team-card-footer\">\n                <div class=\"desc\">L\u00e0 o\u00f9 strat\u00e9gie et efficacit\u00e9 commerciale se rejoignent, Christine d\u00e9veloppe des organisations commerciales en v\u00e9ritables moteurs de croissance orient\u00e9e client. Chez Van Moer, elle occupe la fonction de Sales Director et est responsable de la gestion et du d\u00e9veloppement de l\u2019organisation commerciale.\n\nForte d\u2019une solide exp\u00e9rience dans les services B2B, elle a auparavant travaill\u00e9 notamment chez CWS, ISS et Waterlogic\/Culligan. Dans ces fonctions, elle a d\u00e9velopp\u00e9 des \u00e9quipes commerciales, accompagn\u00e9 des trajectoires de croissance et pilot\u00e9 des organisations dans des contextes de march\u00e9 en \u00e9volution.\n\nChristine adopte une approche ax\u00e9e sur les donn\u00e9es et se concentre sur des indicateurs de performance clairs. Elle met fortement l\u2019accent sur l\u2019orientation client, le service et la vente consultative, avec des solutions adapt\u00e9es aux besoins sp\u00e9cifiques des clients. Le d\u00e9veloppement de nouveaux business et les solutions sur mesure visent toujours \u00e0 cr\u00e9er une valeur durable.<\/div>\n\n                <div class=\"more-btn-wrap\">\n                  <a href=\"#\" class=\"show-more\">Lees meer +<\/a>\n                  <a href=\"#\" class=\"show-less\">Lees minder &#8211;<\/a>\n                <\/div>\n              <\/div>\n            <\/figcaption>\n          <\/div>\n        <\/div>\n              <div class=\"col-sm-6 col-lg-4\">\n          <div class=\"team__card\">\n\n                          <figure class=\"team__thumb\">\n                <img decoding=\"async\" src=\"https:\/\/vanmoer.be\/wp-content\/uploads\/2026\/03\/Ronald.webp\" alt=\"\" \/>\n              <\/figure>\n            \n            <figcaption class=\"caption\">\n\n              <h5 class=\"name\">Ronald Van der Cruyssen<\/h5>\n\n                              <small class=\"post\">Key Accountmanager Workwear<\/small>\n                                            <div class=\"contact\">\n                                      <a href=\"https:\/\/www.linkedin.com\/in\/ronald-van-der-cruyssen\/\"><img decoding=\"async\"\n                        src=\"https:\/\/vanmoer.be\/wp-content\/themes\/van-moer\/assets\/images\/linkedin.svg\" alt=\"\"\n                        class=\"svg\" \/><\/a>\n                                      <a href=\"tel:32471715013\"><img decoding=\"async\"\n                        src=\"https:\/\/vanmoer.be\/wp-content\/themes\/van-moer\/assets\/images\/phone.svg\" alt=\"\"\n                        class=\"svg\" \/><\/a>\n                                      <a href=\"mailto:r.vandercruyssen@vanmoer.be\"><img decoding=\"async\"\n                        src=\"https:\/\/vanmoer.be\/wp-content\/themes\/van-moer\/assets\/images\/mail.svg\" alt=\"\"\n                        class=\"svg\" \/><\/a>\n                  \n                <\/div>\n                            <div class=\"team-card-footer\">\n                <div class=\"desc\">Depuis f\u00e9vrier 2026, Ronald a rejoint l\u2019\u00e9quipe de Van Moer en tant que Key Account Manager Workwear. Dans ce r\u00f4le, il se concentre sur le d\u00e9veloppement et le renforcement des activit\u00e9s commerciales au sein de la r\u00e9gion DACH (Allemagne, Autriche et Suisse).\n\nRonald combine un esprit curieux et analytique avec une approche pragmatique. Il aime comprendre le fonctionnement des processus et des march\u00e9s et d\u00e9veloppe des relations solides avec les clients et les partenaires. Son exp\u00e9rience dans des projets B2B internationaux lui a appris \u00e0 g\u00e9rer efficacement la coordination, l\u2019organisation et les relations clients dans des environnements dynamiques.<\/div>\n\n                <div class=\"more-btn-wrap\">\n                  <a href=\"#\" class=\"show-more\">Lees meer +<\/a>\n                  <a href=\"#\" class=\"show-less\">Lees minder &#8211;<\/a>\n                <\/div>\n              <\/div>\n            <\/figcaption>\n          <\/div>\n        <\/div>\n              <div class=\"col-sm-6 col-lg-4\">\n          <div class=\"team__card\">\n\n                          <figure class=\"team__thumb\">\n                <img decoding=\"async\" src=\"https:\/\/vanmoer.be\/wp-content\/uploads\/2023\/11\/Mentall_van_moer_warmer-68.jpg\" alt=\"\" \/>\n              <\/figure>\n            \n            <figcaption class=\"caption\">\n\n              <h5 class=\"name\">Meili Go-Marwat<\/h5>\n\n                              <small class=\"post\">Key Accountmanager Healthcare<\/small>\n                                            <div class=\"contact\">\n                                      <a href=\"\"><img decoding=\"async\"\n                        src=\"https:\/\/vanmoer.be\/wp-content\/themes\/van-moer\/assets\/images\/linkedin.svg\" alt=\"\"\n                        class=\"svg\" \/><\/a>\n                                      <a href=\"tel:\"><img decoding=\"async\"\n                        src=\"https:\/\/vanmoer.be\/wp-content\/themes\/van-moer\/assets\/images\/phone.svg\" alt=\"\"\n                        class=\"svg\" \/><\/a>\n                                      <a href=\"mailto:m.go@vanmoer.nl\"><img decoding=\"async\"\n                        src=\"https:\/\/vanmoer.be\/wp-content\/themes\/van-moer\/assets\/images\/mail.svg\" alt=\"\"\n                        class=\"svg\" \/><\/a>\n                  \n                <\/div>\n                            <div class=\"team-card-footer\">\n                <div class=\"desc\">Lorsque Meili a rejoint Van Moer, elle a imm\u00e9diatement marqu\u00e9 l\u2019organisation de son empreinte. Rien d\u2019\u00e9tonnant, puisqu\u2019elle assume la responsabilit\u00e9 commerciale des v\u00eatements professionnels pour les h\u00f4pitaux aux Pays-Bas et poss\u00e8de une solide exp\u00e9rience dans ce domaine.\n\nEn tant que Sales Manager Healthcare, elle d\u00e9veloppe de nouveaux clients et projets, r\u00e9alise des pr\u00e9sentations et les traduit en nouvelles lignes de v\u00eatements qu\u2019elle con\u00e7oit, d\u00e9veloppe et met en \u0153uvre avec l\u2019\u00e9quipe Van Moer.\n\nElle est \u00e9galement l\u2019interlocutrice privil\u00e9gi\u00e9e du personnel hospitalier \u2013 du conseil d\u2019administration aux infirmiers et infirmi\u00e8res. Une v\u00e9ritable touche-\u00e0-tout cr\u00e9ative.<\/div>\n\n                <div class=\"more-btn-wrap\">\n                  <a href=\"#\" class=\"show-more\">Lees meer +<\/a>\n                  <a href=\"#\" class=\"show-less\">Lees minder &#8211;<\/a>\n                <\/div>\n              <\/div>\n            <\/figcaption>\n          <\/div>\n        <\/div>\n              <div class=\"col-sm-6 col-lg-4\">\n          <div class=\"team__card\">\n\n                          <figure class=\"team__thumb\">\n                <img decoding=\"async\" src=\"https:\/\/vanmoer.be\/wp-content\/uploads\/2023\/11\/Mentall_van_moer_warmer-66.jpg\" alt=\"\" \/>\n              <\/figure>\n            \n            <figcaption class=\"caption\">\n\n              <h5 class=\"name\">Merel Nieuwenburg<\/h5>\n\n                              <small class=\"post\">Sustainability &#038; Quality Assurance Manager<\/small>\n                                            <div class=\"contact\">\n                                      <a href=\"\"><img decoding=\"async\"\n                        src=\"https:\/\/vanmoer.be\/wp-content\/themes\/van-moer\/assets\/images\/linkedin.svg\" alt=\"\"\n                        class=\"svg\" \/><\/a>\n                                      <a href=\"tel:\"><img decoding=\"async\"\n                        src=\"https:\/\/vanmoer.be\/wp-content\/themes\/van-moer\/assets\/images\/phone.svg\" alt=\"\"\n                        class=\"svg\" \/><\/a>\n                                      <a href=\"mailto:m.nieuwenburg@vanmoer.nl\"><img decoding=\"async\"\n                        src=\"https:\/\/vanmoer.be\/wp-content\/themes\/van-moer\/assets\/images\/mail.svg\" alt=\"\"\n                        class=\"svg\" \/><\/a>\n                  \n                <\/div>\n                            <div class=\"team-card-footer\">\n                <div class=\"desc\">Depuis plus de 25 ans, Merel \u00e9volue dans l\u2019environnement de production de Van Moer, avec une forte attention port\u00e9e \u00e0 la durabilit\u00e9 dans son r\u00f4le de responsable RSE.\n\nSes qualit\u00e9s sp\u00e9cifiques contribuent \u00e0 l\u2019ensemble : la qualit\u00e9 au sens le plus large du terme. Cela se traduit par des collaborations solides et des produits de haute qualit\u00e9 avec une longue premi\u00e8re dur\u00e9e de vie.\n\nSa devise : en nous adaptant au monde en constante \u00e9volution qui nous entoure, nous pouvons continuer \u00e0 r\u00e9pondre aux attentes de nos clients.<\/div>\n\n                <div class=\"more-btn-wrap\">\n                  <a href=\"#\" class=\"show-more\">Lees meer +<\/a>\n                  <a href=\"#\" class=\"show-less\">Lees minder &#8211;<\/a>\n                <\/div>\n              <\/div>\n            <\/figcaption>\n          <\/div>\n        <\/div>\n              <div class=\"col-sm-6 col-lg-4\">\n          <div class=\"team__card\">\n\n                          <figure class=\"team__thumb\">\n                <img decoding=\"async\" src=\"https:\/\/vanmoer.be\/wp-content\/uploads\/2023\/11\/VAN_MOER_MONIEK-1.jpg\" alt=\"\" \/>\n              <\/figure>\n            \n            <figcaption class=\"caption\">\n\n              <h5 class=\"name\">Moniek Majoor-van Rijn<\/h5>\n\n                              <small class=\"post\">Key Accountmanager Healthcare<\/small>\n                                            <div class=\"contact\">\n                                      <a href=\"\"><img decoding=\"async\"\n                        src=\"https:\/\/vanmoer.be\/wp-content\/themes\/van-moer\/assets\/images\/linkedin.svg\" alt=\"\"\n                        class=\"svg\" \/><\/a>\n                                      <a href=\"tel:\"><img decoding=\"async\"\n                        src=\"https:\/\/vanmoer.be\/wp-content\/themes\/van-moer\/assets\/images\/phone.svg\" alt=\"\"\n                        class=\"svg\" \/><\/a>\n                                      <a href=\"mailto:m.majoor@vanmoer.nl\"><img decoding=\"async\"\n                        src=\"https:\/\/vanmoer.be\/wp-content\/themes\/van-moer\/assets\/images\/mail.svg\" alt=\"\"\n                        class=\"svg\" \/><\/a>\n                  \n                <\/div>\n                            <div class=\"team-card-footer\">\n                <div class=\"desc\">Moniek est active depuis pr\u00e8s de 20 ans dans le secteur des v\u00eatements professionnels en tant que Key Account Manager et est co-responsable des ventes et des relations clients \u00e0 long terme dans le secteur de la sant\u00e9.\n\nElle d\u00e9veloppe ses projets de mani\u00e8re progressive et tourn\u00e9e vers l\u2019avenir, et puise beaucoup d\u2019\u00e9nergie dans le travail avec les personnes. Dans cette approche, elle se concentre sur la mise en \u0153uvre d\u2019am\u00e9liorations visant \u00e0 optimiser davantage l\u2019exp\u00e9rience client.\n\nMoniek n\u2019est pas seulement fascin\u00e9e par l\u2019ADN des organisations, mais identifie \u00e9galement en permanence de nouvelles opportunit\u00e9s de march\u00e9 et cr\u00e9e des connexions intelligentes entre l\u2019offre et la demande. Ce faisant, elle met tout le monde au d\u00e9fi \u2013 y compris elle-m\u00eame.<\/div>\n\n                <div class=\"more-btn-wrap\">\n                  <a href=\"#\" class=\"show-more\">Lees meer +<\/a>\n                  <a href=\"#\" class=\"show-less\">Lees minder &#8211;<\/a>\n                <\/div>\n              <\/div>\n            <\/figcaption>\n          <\/div>\n        <\/div>\n              <div class=\"col-sm-6 col-lg-4\">\n          <div class=\"team__card\">\n\n                          <figure class=\"team__thumb\">\n                <img decoding=\"async\" src=\"https:\/\/vanmoer.be\/wp-content\/uploads\/2023\/10\/Mentall_van_moer_warmer-65.jpg\" alt=\"\" \/>\n              <\/figure>\n            \n            <figcaption class=\"caption\">\n\n              <h5 class=\"name\">Paul Slotboom<\/h5>\n\n                              <small class=\"post\">Key Accountmanager Workwear<\/small>\n                                            <div class=\"contact\">\n                                      <a href=\"\"><img decoding=\"async\"\n                        src=\"https:\/\/vanmoer.be\/wp-content\/themes\/van-moer\/assets\/images\/linkedin.svg\" alt=\"\"\n                        class=\"svg\" \/><\/a>\n                                      <a href=\"tel:\"><img decoding=\"async\"\n                        src=\"https:\/\/vanmoer.be\/wp-content\/themes\/van-moer\/assets\/images\/phone.svg\" alt=\"\"\n                        class=\"svg\" \/><\/a>\n                                      <a href=\"mailto:p.slotboom@vanmoer.nl\"><img decoding=\"async\"\n                        src=\"https:\/\/vanmoer.be\/wp-content\/themes\/van-moer\/assets\/images\/mail.svg\" alt=\"\"\n                        class=\"svg\" \/><\/a>\n                  \n                <\/div>\n                            <div class=\"team-card-footer\">\n                <div class=\"desc\">Fort d\u2019une solide exp\u00e9rience chez Van Moer, Paul occupe le poste de Key Account Manager pour nos clients industriels aux Pays-Bas. Il a auparavant d\u00e9velopp\u00e9 une expertise approfondie aupr\u00e8s d\u2019autres distributeurs, producteurs et blanchisseries industrielles dans le secteur des v\u00eatements professionnels.\n\nL\u2019engagement de ce v\u00e9ritable joueur d\u2019\u00e9quipe va loin. Paul tire en effet sa plus grande satisfaction de la cr\u00e9ation de v\u00e9ritables situations gagnant-gagnant entre Van Moer et nos pr\u00e9cieux clients.<\/div>\n\n                <div class=\"more-btn-wrap\">\n                  <a href=\"#\" class=\"show-more\">Lees meer +<\/a>\n                  <a href=\"#\" class=\"show-less\">Lees minder &#8211;<\/a>\n                <\/div>\n              <\/div>\n            <\/figcaption>\n          <\/div>\n        <\/div>\n              <div class=\"col-sm-6 col-lg-4\">\n          <div class=\"team__card\">\n\n                          <figure class=\"team__thumb\">\n                <img decoding=\"async\" src=\"https:\/\/vanmoer.be\/wp-content\/uploads\/2025\/06\/Katrien-Marginet.webp\" alt=\"\" \/>\n              <\/figure>\n            \n            <figcaption class=\"caption\">\n\n              <h5 class=\"name\">Katrien Marginet<\/h5>\n\n                              <small class=\"post\">Key Accountmanager Workwear<\/small>\n                                            <div class=\"contact\">\n                                      <a href=\"\"><img decoding=\"async\"\n                        src=\"https:\/\/vanmoer.be\/wp-content\/themes\/van-moer\/assets\/images\/linkedin.svg\" alt=\"\"\n                        class=\"svg\" \/><\/a>\n                                      <a href=\"tel:\"><img decoding=\"async\"\n                        src=\"https:\/\/vanmoer.be\/wp-content\/themes\/van-moer\/assets\/images\/phone.svg\" alt=\"\"\n                        class=\"svg\" \/><\/a>\n                                      <a href=\"mailto:k.marginet@vanmoer.be\"><img decoding=\"async\"\n                        src=\"https:\/\/vanmoer.be\/wp-content\/themes\/van-moer\/assets\/images\/mail.svg\" alt=\"\"\n                        class=\"svg\" \/><\/a>\n                  \n                <\/div>\n                            <div class=\"team-card-footer\">\n                <div class=\"desc\">Chez Van Moer, Katrien occupe la fonction de Key Account Manager Workwear et accompagne les clients dans le choix et la mise en \u0153uvre de solutions de v\u00eatements professionnels adapt\u00e9es \u00e0 leur organisation et \u00e0 leurs activit\u00e9s.\n\nAvec plus de 13 ans d\u2019exp\u00e9rience dans la vente, elle combine une approche orient\u00e9e client avec une bonne compr\u00e9hension des besoins des entreprises. Elle analyse les exigences sp\u00e9cifiques des clients et travaille avec eux \u00e0 la construction de collaborations durables.\n\nGr\u00e2ce \u00e0 son r\u00e9seau et \u00e0 sa vision strat\u00e9gique, Katrien aide les organisations \u00e0 s\u00e9lectionner des solutions contribuant \u00e0 une organisation efficace et tourn\u00e9e vers l\u2019avenir.<\/div>\n\n                <div class=\"more-btn-wrap\">\n                  <a href=\"#\" class=\"show-more\">Lees meer +<\/a>\n                  <a href=\"#\" class=\"show-less\">Lees minder &#8211;<\/a>\n                <\/div>\n              <\/div>\n            <\/figcaption>\n          <\/div>\n        <\/div>\n              <div class=\"col-sm-6 col-lg-4\">\n          <div class=\"team__card\">\n\n                          <figure class=\"team__thumb\">\n                <img decoding=\"async\" src=\"https:\/\/vanmoer.be\/wp-content\/uploads\/2024\/05\/Mentall_van_moer_warmer-70.jpg\" alt=\"\" \/>\n              <\/figure>\n            \n            <figcaption class=\"caption\">\n\n              <h5 class=\"name\">Philippe Swolfs<\/h5>\n\n                              <small class=\"post\">Sales Manager BE<\/small>\n                                            <div class=\"contact\">\n                                      <a href=\"\"><img decoding=\"async\"\n                        src=\"https:\/\/vanmoer.be\/wp-content\/themes\/van-moer\/assets\/images\/linkedin.svg\" alt=\"\"\n                        class=\"svg\" \/><\/a>\n                                      <a href=\"tel:\"><img decoding=\"async\"\n                        src=\"https:\/\/vanmoer.be\/wp-content\/themes\/van-moer\/assets\/images\/phone.svg\" alt=\"\"\n                        class=\"svg\" \/><\/a>\n                                      <a href=\"mailto:p.swolfs@vanmoer.be\"><img decoding=\"async\"\n                        src=\"https:\/\/vanmoer.be\/wp-content\/themes\/van-moer\/assets\/images\/mail.svg\" alt=\"\"\n                        class=\"svg\" \/><\/a>\n                  \n                <\/div>\n                            <div class=\"team-card-footer\">\n                <div class=\"desc\">Philippe est anim\u00e9 par la strat\u00e9gie commerciale et la r\u00e9alisation des objectifs de vente. En tant que Sales Manager BE, il dirige l\u2019\u00e9quipe commerciale belge et accompagne ses coll\u00e8gues dans le d\u00e9veloppement des relations clients et l\u2019identification de nouvelles opportunit\u00e9s.\n\nIl motive et encadre un groupe diversifi\u00e9 de talents Van Moer, anim\u00e9 par un esprit d\u2019\u00e9quipe commun, au sein d\u2019une culture fond\u00e9e sur la collaboration, des attentes claires et une communication ouverte.\n\nS\u2019appuyant sur les valeurs fondamentales de Van Moer, Philippe cr\u00e9e des liens solides avec ses coll\u00e8gues et entre les diff\u00e9rents d\u00e9partements. Construire des ponts au sein de l\u2019organisation et encourager ses coll\u00e8gues dans l\u2019int\u00e9r\u00eat g\u00e9n\u00e9ral font pleinement partie de son approche.<\/div>\n\n                <div class=\"more-btn-wrap\">\n                  <a href=\"#\" class=\"show-more\">Lees meer +<\/a>\n                  <a href=\"#\" class=\"show-less\">Lees minder &#8211;<\/a>\n                <\/div>\n              <\/div>\n            <\/figcaption>\n          <\/div>\n        <\/div>\n          <\/div>\n  <\/div>\n<\/section>\n    <section class=\"cmn__section green\" id=\"lees_verder\">\n          <div class=\"round-text-wrap topright\">\n        <svg viewBox=\"0 0 517 517\" width=\"517\" height=\"517\">\n          <defs>\n            <!-- Circle path centered in the SVG -->\n            <path id=\"circlePath-topright\"\n              d=\"M258.5,258.5 m-200,0 a200,200 0 1,1 400,0 a200,200 0 1,1 -400,0\" \/>\n          <\/defs>\n          <text font-size=\"24\" fill=\"currentColor\">\n            <textPath href=\"#circlePath-topright\" startOffset=\"0%\" textLength=\"1256\"\n              lengthAdjust=\"spacingAndGlyphs\">\n              Word deel van onze groene golf&nbsp;\n            <\/textPath>\n          <\/text>\n        <\/svg>\n      <\/div>\n        <div class=\"container\">\n      <div\n        class=\"row justify-content-between align-items-end \">\n        <div class=\"col-lg-7 col-sm-6\">\n          <div class=\"block__ttl mb-0\">\n            \n                          <h2 class=\"h2-style mb-30 block__ttl__hdng\"> Travailler ensemble <span>\u00e0 des choix durables<\/span> <\/h2>\n            \n                          <div class=\"block__ttl__desc\"><p>La durabilit\u00e9 exige des choix clairs et des collaborations fiables. C\u2019est pourquoi nous collaborons depuis de nombreuses ann\u00e9es avec des clients et fournisseurs partageant la m\u00eame vision\u202f: adopter des d\u00e9marches r\u00e9fl\u00e9chies dans la conception, le choix des mat\u00e9riaux, la production et le transport.<\/p>\n<p>Nous privil\u00e9gions des solutions r\u00e9alistes qui font la diff\u00e9rence. Dans ce cadre, nous continuons \u00e0 apprendre et \u00e0 innover \u2014 notamment gr\u00e2ce \u00e0 des recherches men\u00e9es avec Saxion Hogeschool, Howest et Modint \u2014 afin de rendre la durabilit\u00e9 toujours plus concr\u00e8te et tangible.<\/p>\n<\/div>\n            \n\n\n            \n            \n                          <div class=\"block__ttl__buttons d-flex\">\n                \n                  <a href=\"https:\/\/vanmoer.be\/fr\/notre-approche\/\" class=\"btn btn-arrow\" >En savoir plus sur notre d\u00e9marche durable<\/a>\n\n                              <\/div>\n            \n          <\/div>\n        <\/div>\n\n        <div class=\"col-lg-4 col-sm-6\">\n                      <div class=\"abt__thumb\">\n\n                            <img decoding=\"async\" src=\"https:\/\/vanmoer.be\/wp-content\/uploads\/2023\/10\/Frame-499-3.webp\" alt=\"\" \/>\n            <\/div>\n                  <\/div>\n      <\/div>\n    <\/div>\n  <\/section>\n<section class=\"cmn__section related__cases__section blue\">\r\n  <div class=\"container\">\r\n    <div class=\"block__ttl vacatures-block__ttl\">\r\n      <div class=\"row d-flex justify-content-between\">\r\n        <div class=\"col-sm-7 col-lg-7 col-md-12\">\r\n                      <h5 class=\"blue__hdng\">Offres d\u2019emploi<\/h5>\r\n                    <h2 class=\"block__ttl__hdng h2-style mb-30\"><span>Travailler<\/span> chez<br> Van Moer<\/h2>\r\n          <p class=\"block__ttl__desc\"><p>Afin de soutenir nos clients, nous recherchons en permanence une r\u00e9elle valeur ajout\u00e9e. Comment ? Notamment en attirant des coll\u00e8gues talentueux. En tant qu\u2019employeur innovant, Van Moer offre \u00e9galement un environnement de travail agr\u00e9able et stimulant.<\/p>\n<\/p>\r\n                      <div class=\"d-flex vacatures__buttons_wrap\">\r\n              \r\n                <a href=\"https:\/\/vanmoer.be\/fr\/offres-demploi\/\" class=\"btn btn-arrow\" >D\u00e9couvrez toutes les offres d\u2019emploi disponibles<\/a>\r\n\r\n                          <\/div>\r\n                  <\/div>\r\n        <div class=\"col-lg-4 col-sm-4 col-md-12\">\r\n          \r\n        <\/div>\r\n      <\/div>\r\n    <\/div>\r\n  <\/div>\r\n  <div class=\"border-decorative\">\r\n    <div class=\"border-sector b-red\"><\/div>\r\n    <div class=\"border-sector b-gold\"><\/div>\r\n    <div class=\"border-sector b-green\"><\/div>\r\n    <div class=\"border-sector b-blue\"><\/div>\r\n    <div class=\"border-sector b-yellow\"><\/div>\r\n  <\/div>\r\n  <div class=\"container \">\r\n    <div class=\"row vacatures__galery-wrap\">\r\n      <div class=\"col-lg-12 col-sm-12\">\r\n        <h3 class=\"block__ttl__hdng h3-style\">\u00c0 quoi ressemble le travail chez<br> Van Moer<\/h3>\r\n                  <div class=\"vacatures__galery__row\">\r\n            <div class=\"swiper vacatures_galery__slider\">\r\n              <div class=\"swiper-wrapper\">\r\n                                  <div class=\"swiper-slide vacature-image-slide\">\r\n                    <img decoding=\"async\" src=\"https:\/\/vanmoer.be\/wp-content\/uploads\/2025\/09\/vanmoer_0003_result.webp\" alt=\"\" \/>\r\n                  <\/div>\r\n                                  <div class=\"swiper-slide vacature-image-slide\">\r\n                    <img decoding=\"async\" src=\"https:\/\/vanmoer.be\/wp-content\/uploads\/2025\/09\/vanmoer_0004_result.webp\" alt=\"\" \/>\r\n                  <\/div>\r\n                                  <div class=\"swiper-slide vacature-image-slide\">\r\n                    <img decoding=\"async\" src=\"https:\/\/vanmoer.be\/wp-content\/uploads\/2025\/09\/vanmoer_0005_result.webp\" alt=\"\" \/>\r\n                  <\/div>\r\n                                  <div class=\"swiper-slide vacature-image-slide\">\r\n                    <img decoding=\"async\" src=\"https:\/\/vanmoer.be\/wp-content\/uploads\/2025\/09\/vanmoer_0006_result.webp\" alt=\"\" \/>\r\n                  <\/div>\r\n                                  <div class=\"swiper-slide vacature-image-slide\">\r\n                    <img decoding=\"async\" src=\"https:\/\/vanmoer.be\/wp-content\/uploads\/2025\/09\/vanmoer_0007_result.webp\" alt=\"\" \/>\r\n                  <\/div>\r\n                                  <div class=\"swiper-slide vacature-image-slide\">\r\n                    <img decoding=\"async\" src=\"https:\/\/vanmoer.be\/wp-content\/uploads\/2025\/09\/vanmoer_0008_result.webp\" alt=\"\" \/>\r\n                  <\/div>\r\n                              <\/div>\r\n              <div class=\"swiper-pagination\"><\/div>\r\n            <\/div>\r\n          <\/div>\r\n        \r\n\r\n      <\/div>\r\n\r\n    <\/div>\r\n\r\n  <\/div>\r\n<\/section>","protected":false},"excerpt":{"rendered":"","protected":false},"author":1,"featured_media":17953,"parent":18032,"menu_order":0,"comment_status":"closed","ping_status":"closed","template":"","meta":{"_acf_changed":false,"inline_featured_image":false,"footnotes":""},"class_list":["post-18422","page","type-page","status-publish","has-post-thumbnail","hentry"],"acf":[],"yoast_head":"<!-- This site is optimized with the Yoast SEO plugin v27.3 - https:\/\/yoast.com\/product\/yoast-seo-wordpress\/ -->\n<title>Passion pour des v\u00eatements professionnels durables | Van Moer \u2013 Belgique<\/title>\n<meta name=\"description\" content=\"Derri\u00e8re Van Moer se tient une \u00e9quipe exp\u00e9riment\u00e9e, anim\u00e9e par la passion pour les clients et la durabilit\u00e9. Depuis 1922, nous r\u00e9alisons ensemble des solutions de qualit\u00e9 pour les v\u00eatements de travail et professionnels.\" \/>\n<meta name=\"robots\" content=\"index, follow, max-snippet:-1, max-image-preview:large, max-video-preview:-1\" \/>\n<link rel=\"canonical\" href=\"https:\/\/vanmoer.be\/fr\/a-propos-de-nous\/qui-est-qui\/\" \/>\n<meta property=\"og:locale\" content=\"nl_BE\" \/>\n<meta property=\"og:type\" content=\"article\" \/>\n<meta property=\"og:title\" content=\"Passion pour des v\u00eatements professionnels durables | Van Moer \u2013 Belgique\" \/>\n<meta property=\"og:description\" content=\"Derri\u00e8re Van Moer se tient une \u00e9quipe exp\u00e9riment\u00e9e, anim\u00e9e par la passion pour les clients et la durabilit\u00e9. Depuis 1922, nous r\u00e9alisons ensemble des solutions de qualit\u00e9 pour les v\u00eatements de travail et professionnels.\" \/>\n<meta property=\"og:url\" content=\"https:\/\/vanmoer.be\/fr\/a-propos-de-nous\/qui-est-qui\/\" \/>\n<meta property=\"og:site_name\" content=\"Van Moer | Bedrijfskledij\" \/>\n<meta property=\"article:modified_time\" content=\"2026-03-30T09:13:34+00:00\" \/>\n<meta property=\"og:image\" content=\"https:\/\/vanmoer.be\/wp-content\/uploads\/2023\/11\/duurzaam.jpg\" \/>\n\t<meta property=\"og:image:width\" content=\"1956\" \/>\n\t<meta property=\"og:image:height\" content=\"2048\" \/>\n\t<meta property=\"og:image:type\" content=\"image\/jpeg\" \/>\n<meta name=\"twitter:card\" content=\"summary_large_image\" \/>\n<meta name=\"twitter:label1\" content=\"Geschatte leestijd\" \/>\n\t<meta name=\"twitter:data1\" content=\"3 minuten\" \/>\n<script type=\"application\/ld+json\" class=\"yoast-schema-graph\">{\"@context\":\"https:\\\/\\\/schema.org\",\"@graph\":[{\"@type\":\"WebPage\",\"@id\":\"https:\\\/\\\/vanmoer.be\\\/fr\\\/a-propos-de-nous\\\/qui-est-qui\\\/\",\"url\":\"https:\\\/\\\/vanmoer.be\\\/fr\\\/a-propos-de-nous\\\/qui-est-qui\\\/\",\"name\":\"Passion pour des v\u00eatements professionnels durables | Van Moer \u2013 Belgique\",\"isPartOf\":{\"@id\":\"https:\\\/\\\/vanmoer.be\\\/fr\\\/#website\"},\"primaryImageOfPage\":{\"@id\":\"https:\\\/\\\/vanmoer.be\\\/fr\\\/a-propos-de-nous\\\/qui-est-qui\\\/#primaryimage\"},\"image\":{\"@id\":\"https:\\\/\\\/vanmoer.be\\\/fr\\\/a-propos-de-nous\\\/qui-est-qui\\\/#primaryimage\"},\"thumbnailUrl\":\"https:\\\/\\\/vanmoer.be\\\/wp-content\\\/uploads\\\/2023\\\/11\\\/duurzaam.jpg\",\"datePublished\":\"2023-10-18T09:38:20+00:00\",\"dateModified\":\"2026-03-30T09:13:34+00:00\",\"description\":\"Derri\u00e8re Van Moer se tient une \u00e9quipe exp\u00e9riment\u00e9e, anim\u00e9e par la passion pour les clients et la durabilit\u00e9. Depuis 1922, nous r\u00e9alisons ensemble des solutions de qualit\u00e9 pour les v\u00eatements de travail et professionnels.\",\"breadcrumb\":{\"@id\":\"https:\\\/\\\/vanmoer.be\\\/fr\\\/a-propos-de-nous\\\/qui-est-qui\\\/#breadcrumb\"},\"inLanguage\":\"nl-BE\",\"potentialAction\":[{\"@type\":\"ReadAction\",\"target\":[\"https:\\\/\\\/vanmoer.be\\\/fr\\\/a-propos-de-nous\\\/qui-est-qui\\\/\"]}]},{\"@type\":\"ImageObject\",\"inLanguage\":\"nl-BE\",\"@id\":\"https:\\\/\\\/vanmoer.be\\\/fr\\\/a-propos-de-nous\\\/qui-est-qui\\\/#primaryimage\",\"url\":\"https:\\\/\\\/vanmoer.be\\\/wp-content\\\/uploads\\\/2023\\\/11\\\/duurzaam.jpg\",\"contentUrl\":\"https:\\\/\\\/vanmoer.be\\\/wp-content\\\/uploads\\\/2023\\\/11\\\/duurzaam.jpg\",\"width\":1956,\"height\":2048},{\"@type\":\"BreadcrumbList\",\"@id\":\"https:\\\/\\\/vanmoer.be\\\/fr\\\/a-propos-de-nous\\\/qui-est-qui\\\/#breadcrumb\",\"itemListElement\":[{\"@type\":\"ListItem\",\"position\":1,\"name\":\"Home\",\"item\":\"https:\\\/\\\/vanmoer.be\\\/fr\\\/\"},{\"@type\":\"ListItem\",\"position\":2,\"name\":\"\u00c0 propos de nous\",\"item\":\"https:\\\/\\\/vanmoer.be\\\/fr\\\/a-propos-de-nous\\\/\"},{\"@type\":\"ListItem\",\"position\":3,\"name\":\"Qui est qui ?\"}]},{\"@type\":\"WebSite\",\"@id\":\"https:\\\/\\\/vanmoer.be\\\/fr\\\/#website\",\"url\":\"https:\\\/\\\/vanmoer.be\\\/fr\\\/\",\"name\":\"Van Moer | Bedrijfskledij\",\"description\":\"\",\"potentialAction\":[{\"@type\":\"SearchAction\",\"target\":{\"@type\":\"EntryPoint\",\"urlTemplate\":\"https:\\\/\\\/vanmoer.be\\\/fr\\\/?s={search_term_string}\"},\"query-input\":{\"@type\":\"PropertyValueSpecification\",\"valueRequired\":true,\"valueName\":\"search_term_string\"}}],\"inLanguage\":\"nl-BE\"}]}<\/script>\n<!-- \/ Yoast SEO plugin. -->","yoast_head_json":{"title":"Passion pour des v\u00eatements professionnels durables | Van Moer \u2013 Belgique","description":"Derri\u00e8re Van Moer se tient une \u00e9quipe exp\u00e9riment\u00e9e, anim\u00e9e par la passion pour les clients et la durabilit\u00e9. Depuis 1922, nous r\u00e9alisons ensemble des solutions de qualit\u00e9 pour les v\u00eatements de travail et professionnels.","robots":{"index":"index","follow":"follow","max-snippet":"max-snippet:-1","max-image-preview":"max-image-preview:large","max-video-preview":"max-video-preview:-1"},"canonical":"https:\/\/vanmoer.be\/fr\/a-propos-de-nous\/qui-est-qui\/","og_locale":"nl_BE","og_type":"article","og_title":"Passion pour des v\u00eatements professionnels durables | Van Moer \u2013 Belgique","og_description":"Derri\u00e8re Van Moer se tient une \u00e9quipe exp\u00e9riment\u00e9e, anim\u00e9e par la passion pour les clients et la durabilit\u00e9. Depuis 1922, nous r\u00e9alisons ensemble des solutions de qualit\u00e9 pour les v\u00eatements de travail et professionnels.","og_url":"https:\/\/vanmoer.be\/fr\/a-propos-de-nous\/qui-est-qui\/","og_site_name":"Van Moer | Bedrijfskledij","article_modified_time":"2026-03-30T09:13:34+00:00","og_image":[{"width":1956,"height":2048,"url":"https:\/\/vanmoer.be\/wp-content\/uploads\/2023\/11\/duurzaam.jpg","type":"image\/jpeg"}],"twitter_card":"summary_large_image","twitter_misc":{"Geschatte leestijd":"3 minuten"},"schema":{"@context":"https:\/\/schema.org","@graph":[{"@type":"WebPage","@id":"https:\/\/vanmoer.be\/fr\/a-propos-de-nous\/qui-est-qui\/","url":"https:\/\/vanmoer.be\/fr\/a-propos-de-nous\/qui-est-qui\/","name":"Passion pour des v\u00eatements professionnels durables | Van Moer \u2013 Belgique","isPartOf":{"@id":"https:\/\/vanmoer.be\/fr\/#website"},"primaryImageOfPage":{"@id":"https:\/\/vanmoer.be\/fr\/a-propos-de-nous\/qui-est-qui\/#primaryimage"},"image":{"@id":"https:\/\/vanmoer.be\/fr\/a-propos-de-nous\/qui-est-qui\/#primaryimage"},"thumbnailUrl":"https:\/\/vanmoer.be\/wp-content\/uploads\/2023\/11\/duurzaam.jpg","datePublished":"2023-10-18T09:38:20+00:00","dateModified":"2026-03-30T09:13:34+00:00","description":"Derri\u00e8re Van Moer se tient une \u00e9quipe exp\u00e9riment\u00e9e, anim\u00e9e par la passion pour les clients et la durabilit\u00e9. Depuis 1922, nous r\u00e9alisons ensemble des solutions de qualit\u00e9 pour les v\u00eatements de travail et professionnels.","breadcrumb":{"@id":"https:\/\/vanmoer.be\/fr\/a-propos-de-nous\/qui-est-qui\/#breadcrumb"},"inLanguage":"nl-BE","potentialAction":[{"@type":"ReadAction","target":["https:\/\/vanmoer.be\/fr\/a-propos-de-nous\/qui-est-qui\/"]}]},{"@type":"ImageObject","inLanguage":"nl-BE","@id":"https:\/\/vanmoer.be\/fr\/a-propos-de-nous\/qui-est-qui\/#primaryimage","url":"https:\/\/vanmoer.be\/wp-content\/uploads\/2023\/11\/duurzaam.jpg","contentUrl":"https:\/\/vanmoer.be\/wp-content\/uploads\/2023\/11\/duurzaam.jpg","width":1956,"height":2048},{"@type":"BreadcrumbList","@id":"https:\/\/vanmoer.be\/fr\/a-propos-de-nous\/qui-est-qui\/#breadcrumb","itemListElement":[{"@type":"ListItem","position":1,"name":"Home","item":"https:\/\/vanmoer.be\/fr\/"},{"@type":"ListItem","position":2,"name":"\u00c0 propos de nous","item":"https:\/\/vanmoer.be\/fr\/a-propos-de-nous\/"},{"@type":"ListItem","position":3,"name":"Qui est qui ?"}]},{"@type":"WebSite","@id":"https:\/\/vanmoer.be\/fr\/#website","url":"https:\/\/vanmoer.be\/fr\/","name":"Van Moer | Bedrijfskledij","description":"","potentialAction":[{"@type":"SearchAction","target":{"@type":"EntryPoint","urlTemplate":"https:\/\/vanmoer.be\/fr\/?s={search_term_string}"},"query-input":{"@type":"PropertyValueSpecification","valueRequired":true,"valueName":"search_term_string"}}],"inLanguage":"nl-BE"}]}},"_links":{"self":[{"href":"https:\/\/vanmoer.be\/fr\/wp-json\/wp\/v2\/pages\/18422","targetHints":{"allow":["GET"]}}],"collection":[{"href":"https:\/\/vanmoer.be\/fr\/wp-json\/wp\/v2\/pages"}],"about":[{"href":"https:\/\/vanmoer.be\/fr\/wp-json\/wp\/v2\/types\/page"}],"author":[{"embeddable":true,"href":"https:\/\/vanmoer.be\/fr\/wp-json\/wp\/v2\/users\/1"}],"replies":[{"embeddable":true,"href":"https:\/\/vanmoer.be\/fr\/wp-json\/wp\/v2\/comments?post=18422"}],"version-history":[{"count":2,"href":"https:\/\/vanmoer.be\/fr\/wp-json\/wp\/v2\/pages\/18422\/revisions"}],"predecessor-version":[{"id":20427,"href":"https:\/\/vanmoer.be\/fr\/wp-json\/wp\/v2\/pages\/18422\/revisions\/20427"}],"up":[{"embeddable":true,"href":"https:\/\/vanmoer.be\/fr\/wp-json\/wp\/v2\/pages\/18032"}],"wp:featuredmedia":[{"embeddable":true,"href":"https:\/\/vanmoer.be\/fr\/wp-json\/wp\/v2\/media\/17953"}],"wp:attachment":[{"href":"https:\/\/vanmoer.be\/fr\/wp-json\/wp\/v2\/media?parent=18422"}],"curies":[{"name":"wp","href":"https:\/\/api.w.org\/{rel}","templated":true}]}}