{"id":18591,"date":"2025-05-23T11:17:23","date_gmt":"2025-05-23T09:17:23","guid":{"rendered":"https:\/\/vanmoer.be\/championnat-du-monde-de-cyclisme-hulst\/"},"modified":"2026-03-10T13:18:20","modified_gmt":"2026-03-10T12:18:20","slug":"championnat-du-monde-de-cyclisme-hulst","status":"publish","type":"page","link":"https:\/\/vanmoer.be\/fr\/championnat-du-monde-de-cyclisme-hulst\/","title":{"rendered":"Championnat du monde de cyclisme Hulst"},"content":{"rendered":"<!-- <script src=\"https:\/\/maps.googleapis.com\/maps\/api\/js?key= AIzaSyDemhtRvjgPd3LUcMygaLey4AbWju_1iSs\"><\/script>\n<section class=\"map__section cmn__section pt-0\">\n  <div class=\"container\">\n    <div class=\"row\">\n      <div class=\"col-sm-5\" >\n        <div id=\"map\">\n\n                      <img decoding=\"async\" src=\"images\/map.jpg\" alt=\"\" \/>\n        <\/div>\n      <\/div>\n      <div class=\"col-sm-7\">\n        <div class=\"contact__form\">\n                   <\/div>\n      <\/div>\n    <\/div>\n  <\/div>\n<\/section> -->\n\n<section class=\"get__touch__row get__touch__form cmn__section pt-5\">\n  <div class=\"get__touch__inner_box\">\n    <div class=\"container\">\n      <div class=\"row justify-content-between\">\n        <div class=\"col-lg-5\">\n          <div class=\"touch__row\">\n            <div class=\"block__ttl block__ttl__md mb-4\">\n              <h2 class=\"block__ttl__hdng h2-style\">Invitation VIP<\/h2>\n            <\/div>\n\n            <p>Nous avons le plaisir de vous inviter \u00e0 une exp\u00e9rience VIP exclusive lors du Championnat du monde UCI de cyclo-cross 2026 \u00e0 Hulst. En tant que fier sponsor de cet \u00e9v\u00e9nement sportif international de haut niveau, nous vous offrons l\u2019opportunit\u00e9 d\u2019assister \u00e0 ce spectacle depuis les premi\u00e8res loges.<\/p>\n<p>\u00a0<\/p>\n<h2>Une exp\u00e9rience unique<\/h2>\n<p>Anim\u00e9s par notre passion pour l\u2019excellence \u2014 tant sur le lieu de travail que sur le terrain \u2014 nous organisons un accueil exceptionnel dans un lieu unique. Profitez du sport de haut niveau, des opportunit\u00e9s de networking et de l\u2019hospitalit\u00e9 dans une ambiance chaleureuse, en compagnie d\u2019autres invit\u00e9s du secteur.  <\/p>\n<p>\u00a0<\/p>\n<h2>Informations pratiques<\/h2>\n<ul>\n<li>Dimanche 1er f\u00e9vrier 2026<\/li>\n<li>Accueil \u00e0 partir de 10h30<\/li>\n<li>Lieu\u202f: Fort den Haakweg 12, 4697 RE Sint-Maartensdijk (Pays-Bas)<\/li>\n<\/ul>\n            <p class=\"contact__nbr\">\n              <i><img decoding=\"async\" src=\"https:\/\/vanmoer.be\/wp-content\/themes\/van-moer\/assets\/images\/tel-icn.svg\" alt=\"\" class=\"svg\" \/><\/i\n              ><a href=\"tel:+32 (0)15 22 20 41\">+32 (0)15 22 20 41<\/a>\n            <\/p> \n            <p class=\"contact__nbr\">\n              <i><img decoding=\"async\" src=\"https:\/\/vanmoer.be\/wp-content\/themes\/van-moer\/assets\/images\/email-icn.svg\" alt=\"\" class=\"svg\" \/><\/i\n              ><a href=\"mailto:info@vanmoer.be\">info@vanmoer.be<\/a>\n            <\/p>\n\n                      <\/div>\n        <\/div>\n        \n        <div class=\"col-lg-6\">\n          <div class=\"frm_forms  with_frm_style frm_style_formidable-style\" id=\"frm_form_25_container\" >\n<form enctype=\"multipart\/form-data\" method=\"post\" class=\"frm-show-form  frm_js_validate  frm_ajax_submit  frm_pro_form \" id=\"form_wkwielrennenhulst\" >\n<div class=\"frm_form_fields \">\n<fieldset>\n<legend class=\"frm_screen_reader\">WK wielrennen Hulst <\/legend>\r\n\r\n\r\n<div class=\"row\">\r\n     <div class=\"row\"><div class=\"frm_fields_container\">\n<input type=\"hidden\" name=\"frm_action\" value=\"create\" \/>\n<input type=\"hidden\" name=\"form_id\" value=\"25\" \/>\n<input type=\"hidden\" name=\"frm_hide_fields_25\" id=\"frm_hide_fields_25\" value=\"\" \/>\n<input type=\"hidden\" name=\"form_key\" value=\"wkwielrennenhulst\" \/>\n<input type=\"hidden\" name=\"item_meta[0]\" value=\"\" \/>\n<input type=\"hidden\" id=\"frm_submit_entry_25\" name=\"frm_submit_entry_25\" value=\"03ebd3fd05\" \/><input type=\"hidden\" name=\"_wp_http_referer\" value=\"\/fr\/wp-json\/wp\/v2\/pages\/18591\" \/><div id=\"frm_field_233_container\" class=\"frm_form_field field__blk  frm_required_field frm_none_container frm6 frm_first\">\r\n    <label for=\"field_qh4icy33\" id=\"field_qh4icy33_label\" class=\"frm_primary_label\">Naam\r\n        <span class=\"frm_required\" aria-hidden=\"true\">*<\/span>\r\n    <\/label>\r\n    <input  type=\"text\" id=\"field_qh4icy33\" name=\"item_meta[233]\" value=\"\"  placeholder=\"Naam\" data-reqmsg=\"Dit veld moet ingevuld worden\" aria-required=\"true\" data-invmsg=\"Name is invalid\" class=\"form-control\" aria-invalid=\"false\"   \/>\r\n    \r\n    \r\n<\/div>\n<div id=\"frm_field_242_container\" class=\"frm_form_field field__blk  frm_required_field frm_none_container frm6\">\r\n    <label for=\"field_xr5fo\" id=\"field_xr5fo_label\" class=\"frm_primary_label\">wVoornaam\r\n        <span class=\"frm_required\" aria-hidden=\"true\">*<\/span>\r\n    <\/label>\r\n    <input  type=\"text\" id=\"field_xr5fo\" name=\"item_meta[242]\" value=\"\"  placeholder=\"Voornaam\" data-reqmsg=\"Dit veld moet ingevuld worden\" aria-required=\"true\" data-invmsg=\"Name is invalid\" class=\"form-control\" aria-invalid=\"false\"   \/>\r\n    \r\n    \r\n<\/div>\n<div id=\"frm_field_234_container\" class=\"frm_form_field field__blk  frm_required_field frm_none_container frm6 frm_first\">\r\n    <label for=\"field_wcfx433\" id=\"field_wcfx433_label\" class=\"frm_primary_label\">E-mail\r\n        <span class=\"frm_required\" aria-hidden=\"true\">*<\/span>\r\n    <\/label>\r\n    <input type=\"email\" id=\"field_wcfx433\" name=\"item_meta[234]\" value=\"\"  placeholder=\"E-mail\" data-reqmsg=\"Dit veld moet ingevuld worden\" aria-required=\"true\" data-invmsg=\"Email is invalid\" aria-invalid=\"false\"  \/>\r\n    \r\n    \r\n<\/div>\n<div id=\"frm_field_236_container\" class=\"frm_form_field form-field  frm_required_field frm_none_container frm6\">\r\n    <label for=\"field_x7fmq3\" id=\"field_x7fmq3_label\" class=\"frm_primary_label\">Telefoonnummer\r\n        <span class=\"frm_required\" aria-hidden=\"true\">*<\/span>\r\n    <\/label>\r\n    <input  type=\"text\" id=\"field_x7fmq3\" name=\"item_meta[236]\" value=\"\"  placeholder=\"Telefoonnummer\" data-reqmsg=\"Dit veld moet ingevuld worden\" aria-required=\"true\" data-invmsg=\"Tekst is ongeldig\" aria-invalid=\"false\"   \/>\r\n    \r\n    \r\n<\/div>\n<div id=\"frm_field_249_container\" class=\"frm_form_field form-field  frm_none_container\">\r\n\t<label for=\"field_vdgh4\" id=\"field_vdgh4_label\" class=\"frm_primary_label\">Bedrijf\r\n\t\t<span class=\"frm_required\" aria-hidden=\"true\"><\/span>\r\n\t<\/label>\r\n\t<input  type=\"text\" id=\"field_vdgh4\" name=\"item_meta[249]\" value=\"\"  placeholder=\"Bedrijf\" data-invmsg=\"Bedrijf is ongeldig\" aria-invalid=\"false\"   \/>\r\n\t\r\n\t\r\n<\/div>\n<div id=\"frm_field_278_container\" class=\"frm_form_field form-field  frm_required_field frm_inline_container frm_first vertical_radio\">\r\n\t<div  id=\"field_mrt4q_label\" class=\"frm_primary_label\">Aanwezig\r\n\t\t<span class=\"frm_required\" aria-hidden=\"true\">*<\/span>\r\n\t<\/div>\r\n\t<div class=\"frm_opt_container\" aria-labelledby=\"field_mrt4q_label\" role=\"radiogroup\" aria-required=\"true\">\t\t<div class=\"frm_radio\" id=\"frm_radio_278-1\">\t\t\t<label  for=\"field_mrt4q-1\">\n\t\t\t\t\t<input type=\"radio\" name=\"item_meta[278]\" id=\"field_mrt4q-1\" value=\"Ja\"\n\t\t data-reqmsg=\"Dit veld moet ingevuld worden\" data-invmsg=\"Aanwezig is ongeldig\"   \/> Ja<\/label><\/div>\n\t\t<div class=\"frm_radio\" id=\"frm_radio_278-2\">\t\t\t<label  for=\"field_mrt4q-2\">\n\t\t\t\t\t<input type=\"radio\" name=\"item_meta[278]\" id=\"field_mrt4q-2\" value=\"Nee\"\n\t\t data-reqmsg=\"Dit veld moet ingevuld worden\" data-invmsg=\"Aanwezig is ongeldig\"   \/> Nee<\/label><\/div>\n<\/div>\r\n\t\r\n\t\r\n<\/div>\n<div id=\"frm_field_247_container\" class=\"frm_form_field form-field  frm_top_container frm_first\">\r\n\t<label for=\"field_wngfh\" id=\"field_wngfh_label\" class=\"frm_primary_label\">Ik breng een +1 mee\r\n\t\t<span class=\"frm_required\" aria-hidden=\"true\"><\/span>\r\n\t<\/label>\r\n\t\n<div >\n    <label class=\"frm_switch_block\">\n\t\t\n\t\t<input type=\"checkbox\" name=\"item_meta[247][]\" id=\"field_wngfh\" value=\"Yes\"\n\t\t\t\t\t\t\t\t\t data-invmsg=\"Ik breng een +1 mee is ongeldig\" aria-invalid=\"false\"  \t\t\/>\n\n\t\t<span class=\"frm_switch\" tabindex=\"0\" role=\"switch\" aria-labelledby=\"field_wngfh_label\" aria-checked=\"false\">\n\t\t\t<span class=\"frm_slider\"><\/span>\n\t\t<\/span>\n\n\t\t\t<\/label>\n<\/div>\n\r\n\t\r\n\t\r\n<\/div>\n<div id=\"frm_field_238_container\" class=\"frm_form_field field__blk  frm_top_container frm_full\">\r\n    <label for=\"field_9jv0r133\" id=\"field_9jv0r133_label\" class=\"frm_primary_label\">Bericht\r\n        <span class=\"frm_required\" aria-hidden=\"true\"><\/span>\r\n    <\/label>\r\n    <textarea data-auto-grow=\"1\"  name=\"item_meta[238]\" id=\"field_9jv0r133\" rows=\"4\"  placeholder=\"Jouw bericht, allergie\u00ebn en dieet voorkeuren\" data-invmsg=\"Dit veld moet ingevuld worden\" aria-invalid=\"false\"  ><\/textarea>\r\n    \r\n    \r\n<\/div>\n<div id=\"frm_field_239_container\" class=\"frm_form_field field__blk  frm_top_container vertical_radio\">\r\n    <div  id=\"field_2601i33_label\" class=\"frm_primary_label\">\r\n        <span class=\"frm_required\" aria-hidden=\"true\"><\/span>\r\n    <\/div>\r\n    <div class=\"frm_opt_container\" aria-labelledby=\"field_2601i33_label\" role=\"group\">\t\t<div class=\"frm_checkbox\" id=\"frm_checkbox_239-0\">\t\t\t<label  for=\"field_2601i33-0\">\n\t\t\t<input type=\"checkbox\" name=\"item_meta[239][]\" id=\"field_2601i33-0\" value=\"Ik heb het &lt;a href=&quot;https:\/\/vanmoer.be\/en\/privacy-policy\/&quot; target=&quot;_blank&quot;&gt;privacybeleid&lt;\/a&gt; van Van Moer gelezen en geaccepteerd\"  data-invmsg=\"Dit veld moet ingevuld worden\"   \/> Ik heb het <a href=\"https:\/\/vanmoer.be\/en\/privacy-policy\/\" target=\"_blank\">privacybeleid<\/a> van Van Moer gelezen en geaccepteerd<\/label><\/div>\n<\/div>\r\n    \r\n    \r\n<\/div>\n<div id=\"frm_field_240_container\" class=\"frm_form_field form-field  frm_none_container\">\r\n    <label for=\"g-recaptcha-response\" id=\"field_umyi_label\" class=\"frm_primary_label\">Captcha\r\n        <span class=\"frm_required\" aria-hidden=\"true\"><\/span>\r\n    <\/label>\r\n    <div  id=\"field_umyi\" class=\"frm-g-recaptcha\" data-sitekey=\"6LeA0vkrAAAAACgLtwdXAwmgax6jvxAfrDPOtdP9\" data-size=\"invisible\" data-theme=\"light\"><\/div>\r\n    \r\n    \r\n<\/div>\n<div id=\"frm_field_241_container\" class=\"frm_form_field form-field \">\r\n\t<div class=\"frm_submit\">\r\n\r\n<button class=\"frm_button_submit frm_final_submit\" type=\"submit\"   formnovalidate=\"formnovalidate\">Verzenden<\/button>\r\n\r\n\r\n<\/div>\r\n  <\/div>\r\n <\/div>\r\n<\/div>\n\t<input type=\"hidden\" name=\"item_key\" value=\"\" \/>\n\t\t\t<div id=\"frm_field_281_container\">\n\t\t\t<label for=\"field_q7apr\" >\n\t\t\t\tIndien je een mens bent, laat dit veld leeg.\t\t\t<\/label>\n\t\t\t<input  id=\"field_q7apr\" type=\"text\" class=\"frm_form_field form-field frm_verify\" name=\"item_meta[281]\" value=\"\"  \/>\n\t\t<\/div>\n\t\t<input name=\"frm_state\" type=\"hidden\" value=\"IZANVJQQVu+f0issO3FFxBAnwp8vak49T2dDlQ4U8A7PZV2FSEx3P\/KERDJUVkaj\" \/> <\/div>\n<\/fieldset>\n<\/div>\n\n<\/form>\n<\/div>\n        <\/div>\n\n      <\/div>\n    <\/div>\n  <\/div>\n<\/section>","protected":false},"excerpt":{"rendered":"","protected":false},"author":1,"featured_media":18594,"parent":0,"menu_order":0,"comment_status":"closed","ping_status":"closed","template":"","meta":{"_acf_changed":false,"inline_featured_image":false,"footnotes":""},"class_list":["post-18591","page","type-page","status-publish","has-post-thumbnail","hentry"],"acf":[],"yoast_head":"<!-- This site is optimized with the Yoast SEO plugin v27.3 - https:\/\/yoast.com\/product\/yoast-seo-wordpress\/ -->\n<title>Championnat du monde de cyclisme Hulst - Van Moer | Bedrijfskledij<\/title>\n<meta name=\"robots\" content=\"index, follow, max-snippet:-1, max-image-preview:large, max-video-preview:-1\" \/>\n<link rel=\"canonical\" href=\"https:\/\/vanmoer.be\/fr\/championnat-du-monde-de-cyclisme-hulst\/\" \/>\n<meta property=\"og:locale\" content=\"nl_BE\" \/>\n<meta property=\"og:type\" content=\"article\" \/>\n<meta property=\"og:title\" content=\"Championnat du monde de cyclisme Hulst - Van Moer | Bedrijfskledij\" \/>\n<meta property=\"og:url\" content=\"https:\/\/vanmoer.be\/fr\/championnat-du-monde-de-cyclisme-hulst\/\" \/>\n<meta property=\"og:site_name\" content=\"Van Moer | Bedrijfskledij\" \/>\n<meta property=\"article:modified_time\" content=\"2026-03-10T12:18:20+00:00\" \/>\n<meta property=\"og:image\" content=\"https:\/\/vanmoer.be\/wp-content\/uploads\/2025\/07\/Cyclocross-Maasmechelen-115-of-147-scaled.jpg\" \/>\n\t<meta property=\"og:image:width\" content=\"2560\" \/>\n\t<meta property=\"og:image:height\" content=\"1707\" \/>\n\t<meta property=\"og:image:type\" content=\"image\/jpeg\" \/>\n<meta name=\"twitter:card\" content=\"summary_large_image\" \/>\n<script type=\"application\/ld+json\" class=\"yoast-schema-graph\">{\"@context\":\"https:\\\/\\\/schema.org\",\"@graph\":[{\"@type\":\"WebPage\",\"@id\":\"https:\\\/\\\/vanmoer.be\\\/fr\\\/championnat-du-monde-de-cyclisme-hulst\\\/\",\"url\":\"https:\\\/\\\/vanmoer.be\\\/fr\\\/championnat-du-monde-de-cyclisme-hulst\\\/\",\"name\":\"Championnat du monde de cyclisme Hulst - Van Moer | Bedrijfskledij\",\"isPartOf\":{\"@id\":\"https:\\\/\\\/vanmoer.be\\\/fr\\\/#website\"},\"primaryImageOfPage\":{\"@id\":\"https:\\\/\\\/vanmoer.be\\\/fr\\\/championnat-du-monde-de-cyclisme-hulst\\\/#primaryimage\"},\"image\":{\"@id\":\"https:\\\/\\\/vanmoer.be\\\/fr\\\/championnat-du-monde-de-cyclisme-hulst\\\/#primaryimage\"},\"thumbnailUrl\":\"https:\\\/\\\/vanmoer.be\\\/wp-content\\\/uploads\\\/2025\\\/07\\\/Cyclocross-Maasmechelen-115-of-147-scaled.jpg\",\"datePublished\":\"2025-05-23T09:17:23+00:00\",\"dateModified\":\"2026-03-10T12:18:20+00:00\",\"breadcrumb\":{\"@id\":\"https:\\\/\\\/vanmoer.be\\\/fr\\\/championnat-du-monde-de-cyclisme-hulst\\\/#breadcrumb\"},\"inLanguage\":\"nl-BE\",\"potentialAction\":[{\"@type\":\"ReadAction\",\"target\":[\"https:\\\/\\\/vanmoer.be\\\/fr\\\/championnat-du-monde-de-cyclisme-hulst\\\/\"]}]},{\"@type\":\"ImageObject\",\"inLanguage\":\"nl-BE\",\"@id\":\"https:\\\/\\\/vanmoer.be\\\/fr\\\/championnat-du-monde-de-cyclisme-hulst\\\/#primaryimage\",\"url\":\"https:\\\/\\\/vanmoer.be\\\/wp-content\\\/uploads\\\/2025\\\/07\\\/Cyclocross-Maasmechelen-115-of-147-scaled.jpg\",\"contentUrl\":\"https:\\\/\\\/vanmoer.be\\\/wp-content\\\/uploads\\\/2025\\\/07\\\/Cyclocross-Maasmechelen-115-of-147-scaled.jpg\",\"width\":2560,\"height\":1707},{\"@type\":\"BreadcrumbList\",\"@id\":\"https:\\\/\\\/vanmoer.be\\\/fr\\\/championnat-du-monde-de-cyclisme-hulst\\\/#breadcrumb\",\"itemListElement\":[{\"@type\":\"ListItem\",\"position\":1,\"name\":\"Home\",\"item\":\"https:\\\/\\\/vanmoer.be\\\/fr\\\/\"},{\"@type\":\"ListItem\",\"position\":2,\"name\":\"Championnat du monde de cyclisme Hulst\"}]},{\"@type\":\"WebSite\",\"@id\":\"https:\\\/\\\/vanmoer.be\\\/fr\\\/#website\",\"url\":\"https:\\\/\\\/vanmoer.be\\\/fr\\\/\",\"name\":\"Van Moer | Bedrijfskledij\",\"description\":\"\",\"potentialAction\":[{\"@type\":\"SearchAction\",\"target\":{\"@type\":\"EntryPoint\",\"urlTemplate\":\"https:\\\/\\\/vanmoer.be\\\/fr\\\/?s={search_term_string}\"},\"query-input\":{\"@type\":\"PropertyValueSpecification\",\"valueRequired\":true,\"valueName\":\"search_term_string\"}}],\"inLanguage\":\"nl-BE\"}]}<\/script>\n<!-- \/ Yoast SEO plugin. -->","yoast_head_json":{"title":"Championnat du monde de cyclisme Hulst - Van Moer | Bedrijfskledij","robots":{"index":"index","follow":"follow","max-snippet":"max-snippet:-1","max-image-preview":"max-image-preview:large","max-video-preview":"max-video-preview:-1"},"canonical":"https:\/\/vanmoer.be\/fr\/championnat-du-monde-de-cyclisme-hulst\/","og_locale":"nl_BE","og_type":"article","og_title":"Championnat du monde de cyclisme Hulst - Van Moer | Bedrijfskledij","og_url":"https:\/\/vanmoer.be\/fr\/championnat-du-monde-de-cyclisme-hulst\/","og_site_name":"Van Moer | Bedrijfskledij","article_modified_time":"2026-03-10T12:18:20+00:00","og_image":[{"width":2560,"height":1707,"url":"https:\/\/vanmoer.be\/wp-content\/uploads\/2025\/07\/Cyclocross-Maasmechelen-115-of-147-scaled.jpg","type":"image\/jpeg"}],"twitter_card":"summary_large_image","schema":{"@context":"https:\/\/schema.org","@graph":[{"@type":"WebPage","@id":"https:\/\/vanmoer.be\/fr\/championnat-du-monde-de-cyclisme-hulst\/","url":"https:\/\/vanmoer.be\/fr\/championnat-du-monde-de-cyclisme-hulst\/","name":"Championnat du monde de cyclisme Hulst - Van Moer | Bedrijfskledij","isPartOf":{"@id":"https:\/\/vanmoer.be\/fr\/#website"},"primaryImageOfPage":{"@id":"https:\/\/vanmoer.be\/fr\/championnat-du-monde-de-cyclisme-hulst\/#primaryimage"},"image":{"@id":"https:\/\/vanmoer.be\/fr\/championnat-du-monde-de-cyclisme-hulst\/#primaryimage"},"thumbnailUrl":"https:\/\/vanmoer.be\/wp-content\/uploads\/2025\/07\/Cyclocross-Maasmechelen-115-of-147-scaled.jpg","datePublished":"2025-05-23T09:17:23+00:00","dateModified":"2026-03-10T12:18:20+00:00","breadcrumb":{"@id":"https:\/\/vanmoer.be\/fr\/championnat-du-monde-de-cyclisme-hulst\/#breadcrumb"},"inLanguage":"nl-BE","potentialAction":[{"@type":"ReadAction","target":["https:\/\/vanmoer.be\/fr\/championnat-du-monde-de-cyclisme-hulst\/"]}]},{"@type":"ImageObject","inLanguage":"nl-BE","@id":"https:\/\/vanmoer.be\/fr\/championnat-du-monde-de-cyclisme-hulst\/#primaryimage","url":"https:\/\/vanmoer.be\/wp-content\/uploads\/2025\/07\/Cyclocross-Maasmechelen-115-of-147-scaled.jpg","contentUrl":"https:\/\/vanmoer.be\/wp-content\/uploads\/2025\/07\/Cyclocross-Maasmechelen-115-of-147-scaled.jpg","width":2560,"height":1707},{"@type":"BreadcrumbList","@id":"https:\/\/vanmoer.be\/fr\/championnat-du-monde-de-cyclisme-hulst\/#breadcrumb","itemListElement":[{"@type":"ListItem","position":1,"name":"Home","item":"https:\/\/vanmoer.be\/fr\/"},{"@type":"ListItem","position":2,"name":"Championnat du monde de cyclisme Hulst"}]},{"@type":"WebSite","@id":"https:\/\/vanmoer.be\/fr\/#website","url":"https:\/\/vanmoer.be\/fr\/","name":"Van Moer | Bedrijfskledij","description":"","potentialAction":[{"@type":"SearchAction","target":{"@type":"EntryPoint","urlTemplate":"https:\/\/vanmoer.be\/fr\/?s={search_term_string}"},"query-input":{"@type":"PropertyValueSpecification","valueRequired":true,"valueName":"search_term_string"}}],"inLanguage":"nl-BE"}]}},"_links":{"self":[{"href":"https:\/\/vanmoer.be\/fr\/wp-json\/wp\/v2\/pages\/18591","targetHints":{"allow":["GET"]}}],"collection":[{"href":"https:\/\/vanmoer.be\/fr\/wp-json\/wp\/v2\/pages"}],"about":[{"href":"https:\/\/vanmoer.be\/fr\/wp-json\/wp\/v2\/types\/page"}],"author":[{"embeddable":true,"href":"https:\/\/vanmoer.be\/fr\/wp-json\/wp\/v2\/users\/1"}],"replies":[{"embeddable":true,"href":"https:\/\/vanmoer.be\/fr\/wp-json\/wp\/v2\/comments?post=18591"}],"version-history":[{"count":1,"href":"https:\/\/vanmoer.be\/fr\/wp-json\/wp\/v2\/pages\/18591\/revisions"}],"predecessor-version":[{"id":18597,"href":"https:\/\/vanmoer.be\/fr\/wp-json\/wp\/v2\/pages\/18591\/revisions\/18597"}],"wp:featuredmedia":[{"embeddable":true,"href":"https:\/\/vanmoer.be\/fr\/wp-json\/wp\/v2\/media\/18594"}],"wp:attachment":[{"href":"https:\/\/vanmoer.be\/fr\/wp-json\/wp\/v2\/media?parent=18591"}],"curies":[{"name":"wp","href":"https:\/\/api.w.org\/{rel}","templated":true}]}}